{"id":2798,"date":"2021-08-12T13:52:14","date_gmt":"2021-08-12T13:52:14","guid":{"rendered":"https:\/\/mirantedogaviao.com.br\/br\/?page_id=2798"},"modified":"2026-04-24T20:49:07","modified_gmt":"2026-04-24T20:49:07","slug":"gaviao-no-mato","status":"publish","type":"page","link":"https:\/\/mirantedogaviao.com.br\/br\/gaviao-no-mato\/","title":{"rendered":"Gavi\u00e3o no Mato"},"content":{"rendered":"<p>[et_pb_section fb_built=&#8221;1&#8243; admin_label=&#8221;capa&#8221; _builder_version=&#8221;4.16&#8243; _module_preset=&#8221;default&#8221; background_color=&#8221;RGBA(0,0,0,0)&#8221; background_image=&#8221;https:\/\/mirantedogaviao.com.br\/br\/wp-content\/uploads\/2021\/08\/Katerre138_Original.jpg&#8221; background_enable_video_mp4=&#8221;off&#8221; min_height=&#8221;300px&#8221; min_height_tablet=&#8221;300px&#8221; min_height_phone=&#8221;&#8221; min_height_last_edited=&#8221;on|tablet&#8221; custom_margin=&#8221;125px||||false|false&#8221; custom_margin_tablet=&#8221;20%||||false|false&#8221; custom_margin_phone=&#8221;30%||0px||false|false&#8221; custom_margin_last_edited=&#8221;on|desktop&#8221; saved_tabs=&#8221;all&#8221; collapsed=&#8221;off&#8221; global_colors_info=&#8221;{}&#8221;][et_pb_row _builder_version=&#8221;4.16&#8243; _module_preset=&#8221;default&#8221; global_colors_info=&#8221;{}&#8221;][et_pb_column type=&#8221;4_4&#8243; _builder_version=&#8221;4.16&#8243; _module_preset=&#8221;default&#8221; global_colors_info=&#8221;{}&#8221;][et_pb_text _builder_version=&#8221;4.16&#8243; _module_preset=&#8221;default&#8221; text_font=&#8221;anke||||||||&#8221; text_text_color=&#8221;#FFFFFF&#8221; text_font_size=&#8221;80px&#8221; text_line_height=&#8221;1.3em&#8221; text_orientation=&#8221;center&#8221; custom_margin=&#8221;8%||||false|false&#8221; text_font_size_tablet=&#8221;60px&#8221; text_font_size_phone=&#8221;30px&#8221; text_font_size_last_edited=&#8221;on|phone&#8221; global_colors_info=&#8221;{}&#8221;]<\/p>\n<p>Gavi\u00e3o no Mato <span style=\"font-size: 20px;\">(6 dias \/ 5 noites)<\/span><\/p>\n<p>[\/et_pb_text][\/et_pb_column][\/et_pb_row][\/et_pb_section][et_pb_section fb_built=&#8221;1&#8243; admin_label=&#8221;Trilha aquatica&#8221; _builder_version=&#8221;4.16&#8243; _module_preset=&#8221;default&#8221; locked=&#8221;off&#8221; collapsed=&#8221;on&#8221; global_colors_info=&#8221;{}&#8221;][et_pb_row column_structure=&#8221;1_2,1_2&#8243; _builder_version=&#8221;4.16&#8243; _module_preset=&#8221;default&#8221; background_color=&#8221;rgba(150,152,154,0.1)&#8221; width_tablet=&#8221;&#8221; width_phone=&#8221;100%&#8221; width_last_edited=&#8221;on|phone&#8221; custom_margin_tablet=&#8221;0%||||false|false&#8221; custom_margin_phone=&#8221;-5%||||false|false&#8221; custom_margin_last_edited=&#8221;on|tablet&#8221; global_colors_info=&#8221;{}&#8221;][et_pb_column type=&#8221;1_2&#8243; _builder_version=&#8221;4.16&#8243; _module_preset=&#8221;default&#8221; custom_padding=&#8221;6%|5%||2%|false|false&#8221; custom_padding_tablet=&#8221;6%|0%||0%|false|true&#8221; custom_padding_phone=&#8221;&#8221; custom_padding_last_edited=&#8221;on|tablet&#8221; global_colors_info=&#8221;{}&#8221;][et_pb_text _builder_version=&#8221;4.16&#8243; _module_preset=&#8221;default&#8221; text_font=&#8221;anke||||||||&#8221; text_font_size=&#8221;30px&#8221; custom_margin=&#8221;-10%||5%||false|false&#8221; custom_margin_tablet=&#8221;-5%|5%||5%|false|true&#8221; custom_margin_phone=&#8221;&#8221; custom_margin_last_edited=&#8221;on|tablet&#8221; text_font_size_tablet=&#8221;&#8221; text_font_size_phone=&#8221;20px&#8221; text_font_size_last_edited=&#8221;on|phone&#8221; text_orientation_tablet=&#8221;center&#8221; text_orientation_phone=&#8221;&#8221; text_orientation_last_edited=&#8221;on|tablet&#8221; global_colors_info=&#8221;{}&#8221;]<\/p>\n<p>Trilha Aqu\u00e1tica<\/p>\n<p>[\/et_pb_text][et_pb_text content_tablet=&#8221;Embarque em voadeiras, como s\u00e3o chamadas as lanchas r\u00e1pidas que fazem deslocamentos no rio, para um passeio no Parque Nacional de Anavilhanas. A depender da esta\u00e7\u00e3o, o cen\u00e1rio \u00e9 completamente diferente! Os h\u00f3spedes podem aproveitar as belas praias de areia clara e \u00e1guas escuras na \u00e9poca da seca ou a magia dos igap\u00f3s, na \u00e9poca da cheia, quando a floresta fica alagada e a trilha \u00e9 feita entre as copas das \u00e1rvores.<\/p>\n<p><b>Dura\u00e7\u00e3o<\/b>: meio per\u00edodo \/ <b>Dificuldade:<\/b>:  f\u00e1cil e acess\u00edvel&#8221; content_phone=&#8221;<\/p>\n<p>Embarque em voadeiras, como s\u00e3o chamadas as lanchas r\u00e1pidas que fazem deslocamentos no rio, para um passeio no Parque Nacional de Anavilhanas. A depender da esta\u00e7\u00e3o, o cen\u00e1rio \u00e9 completamente diferente! Os h\u00f3spedes podem aproveitar as belas praias de areia clara e \u00e1guas escuras na \u00e9poca da seca ou a magia dos igap\u00f3s, na \u00e9poca da cheia, quando a floresta fica alagada e a trilha \u00e9 feita entre as copas das \u00e1rvores.<\/p>\n<p><b>Dura\u00e7\u00e3o<\/b>: meio per\u00edodo \/ <b>Dificuldade:<\/b>: f\u00e1cil e acess\u00edvel<\/p>\n<p>&#8221; content_last_edited=&#8221;on|tablet&#8221; _builder_version=&#8221;4.16&#8243; _module_preset=&#8221;default&#8221; custom_margin_tablet=&#8221;|5%|5%|5%|false|true&#8221; custom_margin_phone=&#8221;&#8221; custom_margin_last_edited=&#8221;on|tablet&#8221; text_font_tablet=&#8221;Roboto|300|||||||&#8221; text_font_phone=&#8221;Roboto|300|||||||&#8221; text_font_last_edited=&#8221;on|tablet&#8221; text_font_size_tablet=&#8221;20px&#8221; text_font_size_phone=&#8221;16px&#8221; text_font_size_last_edited=&#8221;on|tablet&#8221; global_colors_info=&#8221;{}&#8221;]<\/p>\n<p><span style=\"font-weight: 400;\">Embarque em voadeiras, como s\u00e3o chamadas as lanchas r\u00e1pidas que fazem deslocamentos no rio, para um passeio no Parque Nacional de Anavilhanas. A depender da esta\u00e7\u00e3o, o cen\u00e1rio \u00e9 completamente diferente! Os h\u00f3spedes podem aproveitar as belas praias de areia clara e \u00e1guas escuras na \u00e9poca da seca ou a magia dos igap\u00f3s, na \u00e9poca da cheia, quando a floresta fica alagada e a trilha \u00e9 feita entre as copas das \u00e1rvores.\u00a0<\/span><\/p>\n<p><b>Dura\u00e7\u00e3o<\/b><span style=\"font-weight: 400;\">: meio per\u00edodo \/ <\/span><b>Dificuldade:<\/b><span style=\"font-weight: 400;\"> f\u00e1cil e acess\u00edvel<\/span><\/p>\n<p>[\/et_pb_text][\/et_pb_column][et_pb_column type=&#8221;1_2&#8243; _builder_version=&#8221;4.16&#8243; _module_preset=&#8221;default&#8221; custom_padding=&#8221;1%|1%|1%|1%|true|true&#8221; custom_padding_tablet=&#8221;1%|5%|1%|5%|true|true&#8221; custom_padding_phone=&#8221;&#8221; custom_padding_last_edited=&#8221;on|tablet&#8221; global_colors_info=&#8221;{}&#8221;][et_pb_image src=&#8221;https:\/\/mirantedogaviao.com.br\/br\/wp-content\/uploads\/2021\/11\/trilha-aquatica-2-scaled.jpg&#8221; title_text=&#8221;WhatsApp Image 2026-03-31 at 07.54.29&#8243; _builder_version=&#8221;4.16&#8243; _module_preset=&#8221;default&#8221; global_colors_info=&#8221;{}&#8221;][\/et_pb_image][\/et_pb_column][\/et_pb_row][\/et_pb_section][et_pb_section fb_built=&#8221;1&#8243; disabled_on=&#8221;off|off|on&#8221; admin_label=&#8221;Contemplacao do por-do-Sol -mobile&#8221; _builder_version=&#8221;4.16&#8243; _module_preset=&#8221;default&#8221; custom_margin_tablet=&#8221;-10%||||false|false&#8221; custom_margin_phone=&#8221;&#8221; custom_margin_last_edited=&#8221;on|tablet&#8221; locked=&#8221;off&#8221; collapsed=&#8221;on&#8221; global_colors_info=&#8221;{}&#8221;][et_pb_row column_structure=&#8221;1_2,1_2&#8243; _builder_version=&#8221;4.16&#8243; _module_preset=&#8221;default&#8221; background_color=&#8221;rgba(150,152,154,0.1)&#8221; width_tablet=&#8221;&#8221; width_phone=&#8221;100%&#8221; width_last_edited=&#8221;on|phone&#8221; custom_margin_tablet=&#8221;&#8221; custom_margin_phone=&#8221;-10%||||false|false&#8221; custom_margin_last_edited=&#8221;on|phone&#8221; global_colors_info=&#8221;{}&#8221;][et_pb_column type=&#8221;1_2&#8243; _builder_version=&#8221;4.16&#8243; _module_preset=&#8221;default&#8221; custom_padding=&#8221;1%|5%|1%|1%|true|false&#8221; custom_padding_tablet=&#8221;1%|0%|1%|0%|true|true&#8221; custom_padding_phone=&#8221;&#8221; custom_padding_last_edited=&#8221;on|tablet&#8221; global_colors_info=&#8221;{}&#8221;][et_pb_text _builder_version=&#8221;4.16&#8243; _module_preset=&#8221;default&#8221; text_font=&#8221;anke||||||||&#8221; text_font_size=&#8221;30px&#8221; custom_margin=&#8221;-5%||5%||false|false&#8221; custom_margin_tablet=&#8221;0%|5%||5%|false|true&#8221; custom_margin_phone=&#8221;0%||||false|false&#8221; custom_margin_last_edited=&#8221;on|tablet&#8221; text_font_size_tablet=&#8221;&#8221; text_font_size_phone=&#8221;20px&#8221; text_font_size_last_edited=&#8221;on|phone&#8221; text_orientation_tablet=&#8221;center&#8221; text_orientation_phone=&#8221;&#8221; text_orientation_last_edited=&#8221;on|tablet&#8221; global_colors_info=&#8221;{}&#8221;]<\/p>\n<p>Contempla\u00e7\u00e3o do P\u00f4r-do-Sol<\/p>\n<p>[\/et_pb_text][et_pb_text content_tablet=&#8221;Das belezas da Amaz\u00f4nia, as cores do c\u00e9u refletidas no Rio Negro, certamente s\u00e3o um dos destaques que tornam esse destino especial. Dif\u00edcil descrever os tons de rosa, lil\u00e1s, verde e azul que se misturam com o verde escuro e profundo da floresta, tocando o espelho das \u00e1guas negras do rio. O passeio de contempla\u00e7\u00e3o do p\u00f4r-do-sol \u00e9 feito em voadeiras at\u00e9 o melhor local entre as ilhas para aproveitar o sil\u00eancio, sentir a paz e mergulhar nas cores amaz\u00f4nicas!&#8221; content_phone=&#8221;Das belezas da Amaz\u00f4nia, as cores do c\u00e9u refletidas no Rio Negro, certamente s\u00e3o um dos destaques que tornam esse destino especial. Dif\u00edcil descrever os tons de rosa, lil\u00e1s, verde e azul que se misturam com o verde escuro e profundo da floresta, tocando o espelho das \u00e1guas negras do rio. O passeio de contempla\u00e7\u00e3o do p\u00f4r-do-sol \u00e9 feito em voadeiras at\u00e9 o melhor local entre as ilhas para aproveitar o sil\u00eancio, sentir a paz e mergulhar nas cores amaz\u00f4nicas!&#8221; content_last_edited=&#8221;on|phone&#8221; _builder_version=&#8221;4.16&#8243; _module_preset=&#8221;default&#8221; text_font=&#8221;Roboto||||||||&#8221; custom_margin_tablet=&#8221;|5%||5%|false|true&#8221; custom_margin_phone=&#8221;|5%||5%|false|true&#8221; custom_margin_last_edited=&#8221;on|phone&#8221; text_font_tablet=&#8221;Roboto|300|||||||&#8221; text_font_phone=&#8221;Roboto|300|||||||&#8221; text_font_last_edited=&#8221;on|tablet&#8221; text_font_size_tablet=&#8221;20px&#8221; text_font_size_phone=&#8221;16px&#8221; text_font_size_last_edited=&#8221;on|tablet&#8221; global_colors_info=&#8221;{}&#8221;]<\/p>\n<p>Das belezas da Amaz\u00f4nia, as cores do c\u00e9u refletidas no Rio Negro, certamente s\u00e3o um dos destaques que tornam esse destino especial. Dif\u00edcil descrever os tons de rosa, lil\u00e1s, verde e azul que se misturam com o verde escuro e profundo da floresta, tocando o espelho das \u00e1guas negras do rio. O passeio de contempla\u00e7\u00e3o do p\u00f4r-do-sol \u00e9 feito em voadeiras at\u00e9 o melhor local entre as ilhas para aproveitar o sil\u00eancio, sentir a paz e mergulhar nas cores amaz\u00f4nicas!<\/p>\n<p>[\/et_pb_text][\/et_pb_column][et_pb_column type=&#8221;1_2&#8243; _builder_version=&#8221;4.16&#8243; _module_preset=&#8221;default&#8221; custom_padding=&#8221;6%|5%||3%|false|false&#8221; custom_padding_tablet=&#8221;6%|5%||5%|false|true&#8221; custom_padding_phone=&#8221;&#8221; custom_padding_last_edited=&#8221;on|tablet&#8221; border_color_left=&#8221;#D09E59&#8243; global_colors_info=&#8221;{}&#8221;][et_pb_image src=&#8221;https:\/\/mirantedogaviao.com.br\/br\/wp-content\/uploads\/2021\/08\/Katerre147.jpg&#8221; title_text=&#8221;WhatsApp Image 2026-03-31 at 07.54.29&#8243; _builder_version=&#8221;4.16&#8243; _module_preset=&#8221;default&#8221; global_colors_info=&#8221;{}&#8221;][\/et_pb_image][\/et_pb_column][\/et_pb_row][\/et_pb_section][et_pb_section fb_built=&#8221;1&#8243; disabled_on=&#8221;on|on|off&#8221; admin_label=&#8221;Contemplacao do por-do-Sol&#8221; _builder_version=&#8221;4.16&#8243; _module_preset=&#8221;default&#8221; custom_margin_tablet=&#8221;-10%||||false|false&#8221; custom_margin_phone=&#8221;&#8221; custom_margin_last_edited=&#8221;on|tablet&#8221; locked=&#8221;off&#8221; collapsed=&#8221;on&#8221; global_colors_info=&#8221;{}&#8221;][et_pb_row column_structure=&#8221;1_2,1_2&#8243; _builder_version=&#8221;4.16&#8243; _module_preset=&#8221;default&#8221; background_color=&#8221;rgba(150,152,154,0.1)&#8221; global_colors_info=&#8221;{}&#8221;][et_pb_column type=&#8221;1_2&#8243; _builder_version=&#8221;4.16&#8243; _module_preset=&#8221;default&#8221; custom_padding=&#8221;1%|5%|1%|1%|true|false&#8221; global_colors_info=&#8221;{}&#8221;][et_pb_image src=&#8221;https:\/\/mirantedogaviao.com.br\/br\/wp-content\/uploads\/2021\/11\/Katerre147-2-scaled.jpg&#8221; title_text=&#8221;WhatsApp Image 2026-03-31 at 07.54.29&#8243; _builder_version=&#8221;4.16&#8243; _module_preset=&#8221;default&#8221; global_colors_info=&#8221;{}&#8221;][\/et_pb_image][\/et_pb_column][et_pb_column type=&#8221;1_2&#8243; _builder_version=&#8221;4.16&#8243; _module_preset=&#8221;default&#8221; custom_padding=&#8221;6%|5%||3%|false|false&#8221; border_color_left=&#8221;#D09E59&#8243; global_colors_info=&#8221;{}&#8221;][et_pb_text _builder_version=&#8221;4.16&#8243; _module_preset=&#8221;default&#8221; text_font=&#8221;anke||||||||&#8221; text_font_size=&#8221;30px&#8221; custom_margin=&#8221;-10%||5%||false|false&#8221; custom_margin_tablet=&#8221;|5%||5%|false|true&#8221; custom_margin_phone=&#8221;&#8221; custom_margin_last_edited=&#8221;on|tablet&#8221; text_orientation_tablet=&#8221;center&#8221; text_orientation_phone=&#8221;&#8221; text_orientation_last_edited=&#8221;on|tablet&#8221; global_colors_info=&#8221;{}&#8221;]<\/p>\n<p>Contempla\u00e7\u00e3o do P\u00f4r-do-Sol<\/p>\n<p>[\/et_pb_text][et_pb_text content_tablet=&#8221;&#8221; content_phone=&#8221;&#8221; content_last_edited=&#8221;on|tablet&#8221; _builder_version=&#8221;4.17.4&#8243; _module_preset=&#8221;default&#8221; text_font=&#8221;Roboto|300|||||||&#8221; text_font_tablet=&#8221;&#8221; text_font_phone=&#8221;&#8221; text_font_last_edited=&#8221;on|desktop&#8221; text_font_size_tablet=&#8221;20px&#8221; text_font_size_phone=&#8221;&#8221; text_font_size_last_edited=&#8221;on|tablet&#8221; global_colors_info=&#8221;{}&#8221;]<\/p>\n<p>Das belezas da Amaz\u00f4nia, as cores do c\u00e9u refletidas no Rio Negro certamente s\u00e3o um dos destaques que tornam esse destino especial. Dif\u00edcil descrever os tons de rosa, lil\u00e1s, verde e azul que se misturam com o verde escuro e profundo da floresta, tocando o espelho das \u00e1guas negras do rio. O passeio de contempla\u00e7\u00e3o do p\u00f4r do sol \u00e9 feito em voadeiras at\u00e9 o melhor local entre as ilhas para aproveitar o sil\u00eancio, sentir a paz e mergulhar nas cores amaz\u00f4nicas. Durante essa experi\u00eancia, h\u00e1 ainda a possibilidade de intera\u00e7\u00e3o com os botos em seu habitat natural, um encontro \u00fanico e emocionante que revela a harmonia entre a vida selvagem e a grandiosidade da floresta, tornando o momento ainda mais inesquec\u00edvel !<\/p>\n<p>[\/et_pb_text][\/et_pb_column][\/et_pb_row][\/et_pb_section][et_pb_section fb_built=&#8221;1&#8243; admin_label=&#8221;Focagem de animais noturnos&#8221; _builder_version=&#8221;4.16&#8243; _module_preset=&#8221;default&#8221; custom_margin_tablet=&#8221;-10%||||false|false&#8221; custom_margin_phone=&#8221;&#8221; custom_margin_last_edited=&#8221;on|tablet&#8221; locked=&#8221;off&#8221; collapsed=&#8221;on&#8221; global_colors_info=&#8221;{}&#8221;][et_pb_row column_structure=&#8221;1_2,1_2&#8243; _builder_version=&#8221;4.16&#8243; _module_preset=&#8221;default&#8221; background_color=&#8221;rgba(150,152,154,0.1)&#8221; width_tablet=&#8221;&#8221; width_phone=&#8221;100%&#8221; width_last_edited=&#8221;on|phone&#8221; custom_margin_tablet=&#8221;&#8221; custom_margin_phone=&#8221;-10%||||false|false&#8221; custom_margin_last_edited=&#8221;on|phone&#8221; global_colors_info=&#8221;{}&#8221;][et_pb_column type=&#8221;1_2&#8243; _builder_version=&#8221;4.16&#8243; _module_preset=&#8221;default&#8221; custom_padding=&#8221;6%|5%||2%|false|false&#8221; custom_padding_tablet=&#8221;|0%||0%|false|true&#8221; custom_padding_phone=&#8221;&#8221; custom_padding_last_edited=&#8221;on|tablet&#8221; global_colors_info=&#8221;{}&#8221;][et_pb_text _builder_version=&#8221;4.16&#8243; _module_preset=&#8221;default&#8221; text_font=&#8221;anke||||||||&#8221; text_font_size=&#8221;30px&#8221; custom_margin=&#8221;-10%||5%||false|false&#8221; custom_margin_tablet=&#8221;-5%|5%||5%|false|true&#8221; custom_margin_phone=&#8221;&#8221; custom_margin_last_edited=&#8221;on|tablet&#8221; text_font_size_tablet=&#8221;&#8221; text_font_size_phone=&#8221;20px&#8221; text_font_size_last_edited=&#8221;on|phone&#8221; text_orientation_tablet=&#8221;center&#8221; text_orientation_phone=&#8221;&#8221; text_orientation_last_edited=&#8221;on|tablet&#8221; global_colors_info=&#8221;{}&#8221;]<\/p>\n<p>Focagem de Animais Noturnos<\/p>\n<p>[\/et_pb_text][et_pb_text content_tablet=&#8221;<\/p>\n<p>Viajar para a Amaz\u00f4nia \u00e9 compreender que a natureza \u00e9 a protagonista da aventura! Para observar animais silvestres, temos que fazer sil\u00eancio e seguir o instinto dos guias que conhecem a regi\u00e3o e seus segredos. Quando encontramos um jacar\u00e9 na beira do rio ou temos a sorte de ver uma pregui\u00e7a nas \u00e1rvores, \u00e9 que entendemos a grandiosidade da floresta. Nessa atividade, assim que a noite chega, os h\u00f3spedes s\u00e3o levados por experientes guias para um passeio em voadeiras no Parque Nacional de Anavilhanas \u00e0 procura de animais de h\u00e1bitos noturnos.<\/p>\n<p><b>Dura\u00e7\u00e3o<\/b>: 1:30h no per\u00edodo noturno \/ <b>Dificuldade:<\/b> f\u00e1cil e acess\u00edvel<\/p>\n<p>&#8221; content_phone=&#8221;<\/p>\n<p>Viajar para a Amaz\u00f4nia \u00e9 compreender que a natureza \u00e9 a protagonista da aventura! Para observar animais silvestres, temos que fazer sil\u00eancio e seguir o instinto dos guias que conhecem a regi\u00e3o e seus segredos. Quando encontramos um jacar\u00e9 na beira do rio ou temos a sorte de ver uma pregui\u00e7a nas \u00e1rvores, \u00e9 que entendemos a grandiosidade da floresta. Nessa atividade, assim que a noite chega, os h\u00f3spedes s\u00e3o levados por experientes guias para um passeio em voadeiras no Parque Nacional de Anavilhanas \u00e0 procura de animais de h\u00e1bitos noturnos.<\/p>\n<p><b>Dura\u00e7\u00e3o<\/b>: 1:30h no per\u00edodo noturno \/ <b>Dificuldade:<\/b> f\u00e1cil e acess\u00edvel<\/p>\n<p>&#8221; content_last_edited=&#8221;on|tablet&#8221; _builder_version=&#8221;4.16&#8243; _module_preset=&#8221;default&#8221; text_font=&#8221;Roboto||||||||&#8221; custom_margin_tablet=&#8221;|5%|5%|5%|false|true&#8221; custom_margin_phone=&#8221;|5%|5%|5%|false|true&#8221; custom_margin_last_edited=&#8221;on|phone&#8221; text_font_tablet=&#8221;Roboto|300|||||||&#8221; text_font_phone=&#8221;Roboto|300|||||||&#8221; text_font_last_edited=&#8221;on|phone&#8221; text_font_size_tablet=&#8221;20px&#8221; text_font_size_phone=&#8221;16px&#8221; text_font_size_last_edited=&#8221;on|tablet&#8221; global_colors_info=&#8221;{}&#8221;]<\/p>\n<p><span style=\"font-weight: 400;\">Viajar para a Amaz\u00f4nia \u00e9 compreender que a natureza \u00e9 a protagonista da aventura! Para observar animais silvestres, temos que fazer sil\u00eancio e seguir o instinto dos guias que conhecem a regi\u00e3o e seus segredos. Quando encontramos um jacar\u00e9 na beira do rio ou temos a sorte de ver uma pregui\u00e7a nas \u00e1rvores, \u00e9 que entendemos a grandiosidade da floresta. Nessa atividade, assim que a noite chega, os h\u00f3spedes s\u00e3o levados por experientes guias para um passeio em voadeiras no Parque Nacional de Anavilhanas \u00e0 procura de animais de h\u00e1bitos noturnos.\u00a0<\/span><\/p>\n<p><b>Dura\u00e7\u00e3o<\/b><span style=\"font-weight: 400;\">: 1:30h no per\u00edodo noturno \/ <\/span><b>Dificuldade:<\/b><span style=\"font-weight: 400;\"> f\u00e1cil e acess\u00edvel<\/span><\/p>\n<p>[\/et_pb_text][\/et_pb_column][et_pb_column type=&#8221;1_2&#8243; _builder_version=&#8221;4.16&#8243; _module_preset=&#8221;default&#8221; custom_padding=&#8221;1%|1%|1%|1%|true|true&#8221; custom_padding_tablet=&#8221;1%|5%|1%|5%|true|true&#8221; custom_padding_phone=&#8221;&#8221; custom_padding_last_edited=&#8221;on|tablet&#8221; global_colors_info=&#8221;{}&#8221;][et_pb_image src=&#8221;https:\/\/mirantedogaviao.com.br\/br\/wp-content\/uploads\/2021\/11\/Katerre155-2-scaled.jpg&#8221; title_text=&#8221;WhatsApp Image 2026-03-31 at 07.54.29&#8243; _builder_version=&#8221;4.16&#8243; _module_preset=&#8221;default&#8221; global_colors_info=&#8221;{}&#8221;][\/et_pb_image][\/et_pb_column][\/et_pb_row][\/et_pb_section][et_pb_section fb_built=&#8221;1&#8243; disabled_on=&#8221;off|off|on&#8221; admin_label=&#8221;\u00c1reas de lazer do lodge &#8211; mobile&#8221; _builder_version=&#8221;4.16&#8243; _module_preset=&#8221;default&#8221; custom_margin_tablet=&#8221;-10%||||false|false&#8221; custom_margin_phone=&#8221;&#8221; custom_margin_last_edited=&#8221;on|tablet&#8221; locked=&#8221;off&#8221; collapsed=&#8221;on&#8221; global_colors_info=&#8221;{}&#8221;][et_pb_row column_structure=&#8221;1_2,1_2&#8243; _builder_version=&#8221;4.16&#8243; _module_preset=&#8221;default&#8221; background_color=&#8221;rgba(150,152,154,0.1)&#8221; width_tablet=&#8221;&#8221; width_phone=&#8221;100%&#8221; width_last_edited=&#8221;on|phone&#8221; custom_margin_tablet=&#8221;&#8221; custom_margin_phone=&#8221;-10%||||false|false&#8221; custom_margin_last_edited=&#8221;on|phone&#8221; global_colors_info=&#8221;{}&#8221;][et_pb_column type=&#8221;1_2&#8243; _builder_version=&#8221;4.16&#8243; _module_preset=&#8221;default&#8221; custom_padding=&#8221;1%|5%|1%|1%|true|false&#8221; custom_padding_tablet=&#8221;1%|0%|1%|0%|true|true&#8221; custom_padding_phone=&#8221;&#8221; custom_padding_last_edited=&#8221;on|tablet&#8221; global_colors_info=&#8221;{}&#8221;][et_pb_text _builder_version=&#8221;4.16&#8243; _module_preset=&#8221;default&#8221; text_font=&#8221;anke||||||||&#8221; text_font_size=&#8221;30px&#8221; custom_margin=&#8221;-5%||5%||false|false&#8221; custom_margin_tablet=&#8221;0%|5%||5%|false|true&#8221; custom_margin_phone=&#8221;0%||||false|false&#8221; custom_margin_last_edited=&#8221;on|tablet&#8221; text_font_size_tablet=&#8221;&#8221; text_font_size_phone=&#8221;20px&#8221; text_font_size_last_edited=&#8221;on|phone&#8221; text_orientation_tablet=&#8221;center&#8221; text_orientation_phone=&#8221;&#8221; text_orientation_last_edited=&#8221;on|tablet&#8221; global_colors_info=&#8221;{}&#8221;]<\/p>\n<p>\u00c1reas de lazer do lodge<\/p>\n<p>[\/et_pb_text][et_pb_text _builder_version=&#8221;4.16&#8243; _module_preset=&#8221;default&#8221; custom_margin_tablet=&#8221;|5%|0px|5%|false|true&#8221; custom_margin_phone=&#8221;||||false|false&#8221; custom_margin_last_edited=&#8221;on|tablet&#8221; text_font_tablet=&#8221;Roboto|300|||||||&#8221; text_font_phone=&#8221;Roboto|300|||||||&#8221; text_font_last_edited=&#8221;on|tablet&#8221; text_font_size_tablet=&#8221;20px&#8221; text_font_size_phone=&#8221;16px&#8221; text_font_size_last_edited=&#8221;on|tablet&#8221; global_colors_info=&#8221;{}&#8221;]<\/p>\n<p>Em alguns momentos da viagem, entre a chegada de um passeio e as refei\u00e7\u00f5es, aproveite para curtir as \u00e1reas de lazer do lodge. O deck no Rio Negro convida os h\u00f3spedes para um delicioso banho de rio, al\u00e9m dos kayaks e stand-up paddles sempre \u00e0 disposi\u00e7\u00e3o. Para variar o mergulho, a piscina \u00e9 uma boa op\u00e7\u00e3o. Nos dias chuvosos, a sala de jogos \u00e9 a preferida e bons livros sobre a Amaz\u00f4nia tamb\u00e9m est\u00e3o dispon\u00edveis. No nascer e p\u00f4r-do-sol, os mirantes s\u00e3o a melhor sugest\u00e3o e para a noite, <b>aconselhamos uma massagem relaxante (opcional \u00e0 parte \u2013 inclusa nos pacotes de 5 dias\/4 noites ou mais).<\/b><\/p>\n<p>[\/et_pb_text][\/et_pb_column][et_pb_column type=&#8221;1_2&#8243; _builder_version=&#8221;4.16&#8243; _module_preset=&#8221;default&#8221; custom_padding=&#8221;6%|5%||3%|false|false&#8221; custom_padding_tablet=&#8221;6%|5%||5%|false|true&#8221; custom_padding_phone=&#8221;&#8221; custom_padding_last_edited=&#8221;on|tablet&#8221; border_color_left=&#8221;#D09E59&#8243; global_colors_info=&#8221;{}&#8221;][et_pb_image src=&#8221;https:\/\/mirantedogaviao.com.br\/br\/wp-content\/uploads\/2021\/08\/20161105-PD1A3438-scaled.jpg&#8221; title_text=&#8221;WhatsApp Image 2026-03-31 at 07.54.29&#8243; _builder_version=&#8221;4.16&#8243; _module_preset=&#8221;default&#8221; global_colors_info=&#8221;{}&#8221;][\/et_pb_image][\/et_pb_column][\/et_pb_row][\/et_pb_section][et_pb_section fb_built=&#8221;1&#8243; disabled_on=&#8221;on|on|off&#8221; admin_label=&#8221;\u00c1reas de lazer do lodge&#8221; _builder_version=&#8221;4.16&#8243; _module_preset=&#8221;default&#8221; locked=&#8221;off&#8221; collapsed=&#8221;on&#8221; global_colors_info=&#8221;{}&#8221;][et_pb_row column_structure=&#8221;1_2,1_2&#8243; _builder_version=&#8221;4.16&#8243; _module_preset=&#8221;default&#8221; background_color=&#8221;rgba(150,152,154,0.1)&#8221; global_colors_info=&#8221;{}&#8221;][et_pb_column type=&#8221;1_2&#8243; _builder_version=&#8221;4.16&#8243; _module_preset=&#8221;default&#8221; custom_padding=&#8221;1%|5%|1%|1%|true|false&#8221; global_colors_info=&#8221;{}&#8221;][et_pb_image src=&#8221;https:\/\/mirantedogaviao.com.br\/br\/wp-content\/uploads\/2021\/11\/20161105-PD1A3438-2-scaled.jpg&#8221; title_text=&#8221;WhatsApp Image 2026-03-31 at 07.54.29&#8243; _builder_version=&#8221;4.16&#8243; _module_preset=&#8221;default&#8221; global_colors_info=&#8221;{}&#8221;][\/et_pb_image][\/et_pb_column][et_pb_column type=&#8221;1_2&#8243; _builder_version=&#8221;4.16&#8243; _module_preset=&#8221;default&#8221; custom_padding=&#8221;6%|5%||3%|false|false&#8221; border_color_left=&#8221;#D09E59&#8243; global_colors_info=&#8221;{}&#8221;][et_pb_text _builder_version=&#8221;4.16&#8243; _module_preset=&#8221;default&#8221; text_font=&#8221;anke||||||||&#8221; text_font_size=&#8221;30px&#8221; custom_margin=&#8221;-10%||5%||false|false&#8221; custom_margin_tablet=&#8221;-5%|5%||5%|false|true&#8221; custom_margin_phone=&#8221;&#8221; custom_margin_last_edited=&#8221;on|tablet&#8221; text_orientation_tablet=&#8221;center&#8221; text_orientation_phone=&#8221;&#8221; text_orientation_last_edited=&#8221;on|tablet&#8221; global_colors_info=&#8221;{}&#8221;]<\/p>\n<p>\u00c1reas de lazer do lodge<\/p>\n<p>[\/et_pb_text][et_pb_text _builder_version=&#8221;4.16&#8243; _module_preset=&#8221;default&#8221; text_font=&#8221;|300|||||||&#8221; global_colors_info=&#8221;{}&#8221;]<\/p>\n<p><span style=\"font-weight: 400;\">Em alguns momentos da viagem, entre a chegada de um passeio e as refei\u00e7\u00f5es, aproveite para curtir as \u00e1reas de lazer do lodge. O deck no Rio Negro convida os h\u00f3spedes para um delicioso banho de rio, al\u00e9m dos kayaks e stand-up paddles sempre \u00e0 disposi\u00e7\u00e3o. Para variar o mergulho, a piscina \u00e9 uma boa op\u00e7\u00e3o. Nos dias chuvosos, a sala de jogos \u00e9 a preferida e bons livros sobre a Amaz\u00f4nia tamb\u00e9m est\u00e3o dispon\u00edveis. No nascer e p\u00f4r-do-sol, os mirantes s\u00e3o a melhor sugest\u00e3o e para a noite, <\/span><b>aconselhamos uma massagem relaxante (opcional \u00e0 parte \u2013 inclusa nos pacotes de 5 dias\/4 noites ou mais).<\/b><\/p>\n<p>[\/et_pb_text][\/et_pb_column][\/et_pb_row][\/et_pb_section][et_pb_section fb_built=&#8221;1&#8243; admin_label=&#8221;Seja um local&#8221; _builder_version=&#8221;4.16&#8243; _module_preset=&#8221;default&#8221; custom_margin_tablet=&#8221;-10%||||false|false&#8221; custom_margin_phone=&#8221;&#8221; custom_margin_last_edited=&#8221;on|tablet&#8221; locked=&#8221;off&#8221; collapsed=&#8221;on&#8221; global_colors_info=&#8221;{}&#8221;][et_pb_row column_structure=&#8221;1_2,1_2&#8243; _builder_version=&#8221;4.16&#8243; _module_preset=&#8221;default&#8221; background_color=&#8221;rgba(150,152,154,0.1)&#8221; width_tablet=&#8221;&#8221; width_phone=&#8221;100%&#8221; width_last_edited=&#8221;on|phone&#8221; custom_margin_tablet=&#8221;&#8221; custom_margin_phone=&#8221;-10%||||false|false&#8221; custom_margin_last_edited=&#8221;on|phone&#8221; global_colors_info=&#8221;{}&#8221;][et_pb_column type=&#8221;1_2&#8243; _builder_version=&#8221;4.16&#8243; _module_preset=&#8221;default&#8221; custom_padding=&#8221;6%|5%||2%|false|false&#8221; custom_padding_tablet=&#8221;1%|0%||0%|false|true&#8221; custom_padding_phone=&#8221;&#8221; custom_padding_last_edited=&#8221;on|desktop&#8221; border_color_left=&#8221;#D09E59&#8243; global_colors_info=&#8221;{}&#8221;][et_pb_text _builder_version=&#8221;4.16&#8243; _module_preset=&#8221;default&#8221; text_font=&#8221;anke||||||||&#8221; text_font_size=&#8221;30px&#8221; text_line_height=&#8221;1.8em&#8221; custom_margin=&#8221;-10%||5%||false|false&#8221; custom_margin_tablet=&#8221;0%|5%||5%|false|true&#8221; custom_margin_phone=&#8221;0%||||false|false&#8221; custom_margin_last_edited=&#8221;on|tablet&#8221; text_font_size_tablet=&#8221;&#8221; text_font_size_phone=&#8221;20px&#8221; text_font_size_last_edited=&#8221;on|phone&#8221; text_line_height_tablet=&#8221;&#8221; text_line_height_phone=&#8221;&#8221; text_line_height_last_edited=&#8221;on|desktop&#8221; text_orientation_tablet=&#8221;center&#8221; text_orientation_phone=&#8221;&#8221; text_orientation_last_edited=&#8221;on|tablet&#8221; global_colors_info=&#8221;{}&#8221;]<\/p>\n<p>\u2018Seja um local\u2019: Arte e Educa\u00e7\u00e3o Amaz\u00f4nida<\/p>\n<p>[\/et_pb_text][et_pb_text _builder_version=&#8221;4.16&#8243; _module_preset=&#8221;default&#8221; text_font=&#8221;|300|||||||&#8221; custom_margin=&#8221;||5%||false|false&#8221; custom_margin_tablet=&#8221;|5%|5%|5%|false|true&#8221; custom_margin_phone=&#8221;&#8221; custom_margin_last_edited=&#8221;on|tablet&#8221; text_font_tablet=&#8221;Roboto|300|||||||&#8221; text_font_phone=&#8221;Roboto|300|||||||&#8221; text_font_last_edited=&#8221;on|tablet&#8221; text_font_size_tablet=&#8221;20px&#8221; text_font_size_phone=&#8221;16px&#8221; text_font_size_last_edited=&#8221;on|tablet&#8221; global_colors_info=&#8221;{}&#8221;]<\/p>\n<p>\u201cSer um local\u201d \u00e9 ser um Amaz\u00f4nida! Amaz\u00f4nidas s\u00e3o as pessoas que vivem na maior floresta tropical do mundo.<\/p>\n<p>Neste dia vamos passear pela cidade de Novo Air\u00e3o para visitar as iniciativas locais de projetos de educa\u00e7\u00e3o, conserva\u00e7\u00e3o e artesanatos. Os h\u00f3spedes conhecem os projetos que apoiam diretamente, ao escolherem fazer uma viagem para a Amaz\u00f4nia com a Expedi\u00e7\u00e3o Katerre e o Mirante do Gavi\u00e3o Amazon Lodge, e fazem parte dessa rede de sustentabilidade feita na pr\u00e1tica. \u2018Seja um local\u2019 \u00e9 um passeio terrestre, realizado em ve\u00edculo climatizado, percorrendo pequenas dist\u00e2ncias dentro da cidade de Novo Air\u00e3o &#8211; com opcional de utiliza\u00e7\u00e3o das bicicletas do hotel.<\/p>\n<p><strong>Pontos de parada<\/strong>: Funda\u00e7\u00e3o Almerinda Malaquias (FAM) \/ Associa\u00e7\u00e3o de Artes\u00e3os de Novo Air\u00e3o (AANA).<\/p>\n<p><b>Dura\u00e7\u00e3o:<\/b> meio per\u00edodo \/ <b>Dificuldade:<\/b> f\u00e1cil e acess\u00edvel<\/p>\n<p>[\/et_pb_text][\/et_pb_column][et_pb_column type=&#8221;1_2&#8243; _builder_version=&#8221;4.16&#8243; _module_preset=&#8221;default&#8221; custom_padding=&#8221;1%|1%|1%|1%|true|true&#8221; custom_padding_tablet=&#8221;1%|5%|1%|5%|true|false&#8221; custom_padding_phone=&#8221;&#8221; custom_padding_last_edited=&#8221;on|tablet&#8221; global_colors_info=&#8221;{}&#8221;][et_pb_image src=&#8221;https:\/\/mirantedogaviao.com.br\/br\/wp-content\/uploads\/2021\/11\/FAM-1627554441568-3-scaled.jpg&#8221; title_text=&#8221;WhatsApp Image 2026-03-31 at 07.54.29&#8243; _builder_version=&#8221;4.16&#8243; _module_preset=&#8221;default&#8221; global_colors_info=&#8221;{}&#8221;][\/et_pb_image][\/et_pb_column][\/et_pb_row][\/et_pb_section][et_pb_section fb_built=&#8221;1&#8243; disabled_on=&#8221;off|off|on&#8221; admin_label=&#8221;\u00c1rvore Gigante &#8211; mobile&#8221; _builder_version=&#8221;4.16&#8243; _module_preset=&#8221;default&#8221; background_color=&#8221;RGBA(0,0,0,0)&#8221; custom_margin_tablet=&#8221;-5%||||false|false&#8221; custom_margin_phone=&#8221;-10%||||false|false&#8221; custom_margin_last_edited=&#8221;on|phone&#8221; locked=&#8221;off&#8221; collapsed=&#8221;on&#8221; global_colors_info=&#8221;{}&#8221;][et_pb_row column_structure=&#8221;1_2,1_2&#8243; _builder_version=&#8221;4.16&#8243; _module_preset=&#8221;default&#8221; background_color=&#8221;rgba(150,152,154,0.1)&#8221; width_tablet=&#8221;&#8221; width_phone=&#8221;100%&#8221; width_last_edited=&#8221;on|phone&#8221; custom_margin_tablet=&#8221;&#8221; custom_margin_phone=&#8221;-10%||||false|false&#8221; custom_margin_last_edited=&#8221;on|phone&#8221; global_colors_info=&#8221;{}&#8221;][et_pb_column type=&#8221;1_2&#8243; _builder_version=&#8221;4.16&#8243; _module_preset=&#8221;default&#8221; custom_padding=&#8221;1%|5%|1%|1%|true|false&#8221; custom_padding_tablet=&#8221;|0%||0%|true|true&#8221; custom_padding_phone=&#8221;&#8221; custom_padding_last_edited=&#8221;on|tablet&#8221; global_colors_info=&#8221;{}&#8221;][et_pb_text _builder_version=&#8221;4.16&#8243; _module_preset=&#8221;default&#8221; text_font=&#8221;anke||||||||&#8221; text_font_size=&#8221;30px&#8221; text_line_height=&#8221;1.8em&#8221; custom_margin=&#8221;5%||5%||false|false&#8221; custom_margin_tablet=&#8221;0%|5%|2%|5%|false|true&#8221; custom_margin_phone=&#8221;0%||||false|false&#8221; custom_margin_last_edited=&#8221;on|tablet&#8221; text_font_size_tablet=&#8221;&#8221; text_font_size_phone=&#8221;20px&#8221; text_font_size_last_edited=&#8221;on|phone&#8221; text_line_height_tablet=&#8221;&#8221; text_line_height_phone=&#8221;&#8221; text_line_height_last_edited=&#8221;on|desktop&#8221; text_orientation_tablet=&#8221;center&#8221; text_orientation_phone=&#8221;&#8221; text_orientation_last_edited=&#8221;on|tablet&#8221; global_colors_info=&#8221;{}&#8221;]<\/p>\n<p>\u00c1rvore Gigante e Comunidade Tradicional Ribeirinha<\/p>\n<p>[\/et_pb_text][et_pb_text _builder_version=&#8221;4.16&#8243; _module_preset=&#8221;default&#8221; text_font=&#8221;|300|||||||&#8221; custom_margin_tablet=&#8221;|5%|5%|5%|false|true&#8221; custom_margin_phone=&#8221;&#8221; custom_margin_last_edited=&#8221;on|tablet&#8221; text_font_tablet=&#8221;Roboto|300|||||||&#8221; text_font_phone=&#8221;&#8221; text_font_last_edited=&#8221;on|desktop&#8221; text_font_size_tablet=&#8221;20px&#8221; text_font_size_phone=&#8221;16px&#8221; text_font_size_last_edited=&#8221;on|tablet&#8221; global_colors_info=&#8221;{}&#8221;]<\/p>\n<p><b>&#8211; Esta\u00e7\u00e3o da Seca<\/b>: Logo ap\u00f3s o caf\u00e9, sa\u00edda em lancha r\u00e1pida para visita \u00e0s comunidades ribeirinhas <b>Santo Antonio e Tiririca.<\/b> Na chegada, um passeio por <b>trilha interpretativa<\/b> em floresta de terra firme para conhecer os segredos da fauna e flora. Retorno da trilha e almo\u00e7o tradicional de peixe amaz\u00f4nico assado na brasa na casa dos caboclos ribeirinhos, uma verdadeira experi\u00eancia com a comunidade! Em seguida, deslocamento para lazer na <b>Praia do Tiririca<\/b>, no cora\u00e7\u00e3o do Parque Nacional de Anavilhanas. Ap\u00f3s o refrescante banho, aprecia\u00e7\u00e3o da flora e fauna das ilhas, deslocamento r\u00e1pido at\u00e9 a <b>maior \u00e1rvore do igap\u00f3 de Anavilhanas: um Macucu gigante<\/b>, em incurs\u00e3o \u00e0 floresta de v\u00e1rzea e explana\u00e7\u00e3o deste peculiar ecossistema.<\/p>\n<p><b>Dura\u00e7\u00e3o:<\/b> dia inteiro \/ <b>Dificuldade:<\/b> f\u00e1cil com trilha<\/p>\n<p>[\/et_pb_text][\/et_pb_column][et_pb_column type=&#8221;1_2&#8243; _builder_version=&#8221;4.16&#8243; _module_preset=&#8221;default&#8221; custom_padding=&#8221;0%|5%||5%|false|false&#8221; border_color_left=&#8221;#D09E59&#8243; global_colors_info=&#8221;{}&#8221;][et_pb_image src=&#8221;https:\/\/mirantedogaviao.com.br\/br\/wp-content\/uploads\/2021\/08\/1627562216552.jpg&#8221; title_text=&#8221;WhatsApp Image 2026-03-31 at 07.54.29&#8243; _builder_version=&#8221;4.16&#8243; _module_preset=&#8221;default&#8221; global_colors_info=&#8221;{}&#8221;][\/et_pb_image][\/et_pb_column][\/et_pb_row][et_pb_row _builder_version=&#8221;4.16&#8243; _module_preset=&#8221;default&#8221; background_color=&#8221;rgba(150,152,154,0.1)&#8221; width_tablet=&#8221;&#8221; width_phone=&#8221;100%&#8221; width_last_edited=&#8221;on|phone&#8221; global_colors_info=&#8221;{}&#8221;][et_pb_column type=&#8221;4_4&#8243; _builder_version=&#8221;4.16&#8243; _module_preset=&#8221;default&#8221; global_colors_info=&#8221;{}&#8221;][et_pb_text _builder_version=&#8221;4.16&#8243; _module_preset=&#8221;default&#8221; text_font=&#8221;|300|||||||&#8221; custom_margin=&#8221;2%|5%|2%|5%|true|false&#8221; custom_margin_tablet=&#8221;&#8221; custom_margin_phone=&#8221;-10%|5%|2%|5%|false|false&#8221; custom_margin_last_edited=&#8221;on|phone&#8221; text_font_tablet=&#8221;Roboto|300|||||||&#8221; text_font_phone=&#8221;&#8221; text_font_last_edited=&#8221;on|desktop&#8221; text_font_size_tablet=&#8221;20px&#8221; text_font_size_phone=&#8221;16px&#8221; text_font_size_last_edited=&#8221;on|desktop&#8221; global_colors_info=&#8221;{}&#8221;]<\/p>\n<p><b>&#8211; Esta\u00e7\u00e3o da Cheia<\/b>: Logo ap\u00f3s o caf\u00e9, sa\u00edda em lancha r\u00e1pida para visita \u00e0 comunidade do <b>Sobrado.<\/b> Na chegada, um passeio por <b>trilha interpretativa<\/b> em floresta de terra firme at\u00e9 alcan\u00e7ar uma <b>gigante Sama\u00fama<\/b>, a maior esp\u00e9cie de \u00e1rvore da Amaz\u00f4nia! Retorno da trilha e almo\u00e7o tradicional de peixe amaz\u00f4nico assado na brasa na casa dos caboclos ribeirinhos, uma verdadeira experi\u00eancia com a comunidade. Em seguida, deslocamento at\u00e9 a <b>maior \u00e1rvore do igap\u00f3 de Anavilhanas, um Macucu gigante<\/b> no paran\u00e1 das Araras. No retorno ao lodge, incurs\u00e3o na floresta de igap\u00f3 para aprecia\u00e7\u00e3o da flora e fauna desse ecossistema.<\/p>\n<p><b>Dura\u00e7\u00e3o:<\/b> dia inteiro \/ <b>Dificuldade:<\/b> f\u00e1cil com trilha<\/p>\n<p>[\/et_pb_text][\/et_pb_column][\/et_pb_row][\/et_pb_section][et_pb_section fb_built=&#8221;1&#8243; disabled_on=&#8221;on|on|off&#8221; admin_label=&#8221;\u00c1rvore Gigante&#8221; _builder_version=&#8221;4.16&#8243; _module_preset=&#8221;default&#8221; locked=&#8221;off&#8221; collapsed=&#8221;on&#8221; global_colors_info=&#8221;{}&#8221;][et_pb_row column_structure=&#8221;1_2,1_2&#8243; _builder_version=&#8221;4.16&#8243; _module_preset=&#8221;default&#8221; background_color=&#8221;rgba(150,152,154,0.1)&#8221; global_colors_info=&#8221;{}&#8221;][et_pb_column type=&#8221;1_2&#8243; _builder_version=&#8221;4.16&#8243; _module_preset=&#8221;default&#8221; custom_padding=&#8221;1%|5%|1%|1%|true|false&#8221; global_colors_info=&#8221;{}&#8221;][et_pb_image src=&#8221;https:\/\/mirantedogaviao.com.br\/br\/wp-content\/uploads\/2021\/11\/1627562216552-2.jpg&#8221; title_text=&#8221;WhatsApp Image 2026-03-31 at 07.54.29&#8243; _builder_version=&#8221;4.16&#8243; _module_preset=&#8221;default&#8221; global_colors_info=&#8221;{}&#8221;][\/et_pb_image][\/et_pb_column][et_pb_column type=&#8221;1_2&#8243; _builder_version=&#8221;4.16&#8243; _module_preset=&#8221;default&#8221; custom_padding=&#8221;6%|5%||3%|false|false&#8221; border_color_left=&#8221;#D09E59&#8243; global_colors_info=&#8221;{}&#8221;][et_pb_text _builder_version=&#8221;4.16&#8243; _module_preset=&#8221;default&#8221; text_font=&#8221;anke||||||||&#8221; text_font_size=&#8221;30px&#8221; text_line_height=&#8221;1.8em&#8221; custom_margin=&#8221;-10%||5%||false|false&#8221; custom_margin_tablet=&#8221;|5%||5%|false|true&#8221; custom_margin_phone=&#8221;0%||||false|false&#8221; custom_margin_last_edited=&#8221;on|tablet&#8221; text_font_size_tablet=&#8221;&#8221; text_font_size_phone=&#8221;20px&#8221; text_font_size_last_edited=&#8221;on|phone&#8221; text_line_height_tablet=&#8221;&#8221; text_line_height_phone=&#8221;&#8221; text_line_height_last_edited=&#8221;on|desktop&#8221; text_orientation_tablet=&#8221;center&#8221; text_orientation_phone=&#8221;&#8221; text_orientation_last_edited=&#8221;on|tablet&#8221; global_colors_info=&#8221;{}&#8221;]<\/p>\n<p>\u00c1rvore Gigante e Comunidade Tradicional Ribeirinha<\/p>\n<p>[\/et_pb_text][et_pb_text _builder_version=&#8221;4.16&#8243; _module_preset=&#8221;default&#8221; text_font=&#8221;|300|||||||&#8221; text_font_tablet=&#8221;&#8221; text_font_phone=&#8221;&#8221; text_font_last_edited=&#8221;on|desktop&#8221; global_colors_info=&#8221;{}&#8221;]<\/p>\n<p><b>&#8211; Esta\u00e7\u00e3o da Seca<\/b><i><span style=\"font-weight: 400;\">:<\/span><\/i><span style=\"font-weight: 400;\"> Logo ap\u00f3s o caf\u00e9, sa\u00edda em lancha r\u00e1pida para visita \u00e0 comunidade ribeirinha<\/span><b>\u00a0Tiririca.<\/b><span style=\"font-weight: 400;\"> Na chegada, um passeio por <\/span><b>trilha interpretativa<\/b><span style=\"font-weight: 400;\"> em floresta de terra firme para conhecer os segredos da fauna e flora. Retorno da trilha e almo\u00e7o tradicional de peixe amaz\u00f4nico assado na brasa na casa dos caboclos ribeirinhos, uma verdadeira experi\u00eancia com a comunidade! Em seguida, deslocamento para lazer na <\/span><b>Praia do Tiririca<\/b><span style=\"font-weight: 400;\">,<\/span> <span style=\"font-weight: 400;\">no cora\u00e7\u00e3o do Parque Nacional de Anavilhanas. Ap\u00f3s o refrescante banho, aprecia\u00e7\u00e3o da flora e fauna das ilhas, deslocamento r\u00e1pido at\u00e9 a <\/span><b>maior \u00e1rvore do igap\u00f3 de Anavilhanas: um Macucu gigante<\/b><span style=\"font-weight: 400;\">, em incurs\u00e3o \u00e0 floresta de v\u00e1rzea e explana\u00e7\u00e3o deste peculiar ecossistema.<\/span><\/p>\n<p><b>Dura\u00e7\u00e3o:<\/b><span style=\"font-weight: 400;\"> dia inteiro \/ <\/span><b>Dificuldade:<\/b><span style=\"font-weight: 400;\"> f\u00e1cil com trilha<\/span><span style=\"font-weight: 400;\"><\/span><\/p>\n<p>[\/et_pb_text][\/et_pb_column][\/et_pb_row][et_pb_row _builder_version=&#8221;4.16&#8243; _module_preset=&#8221;default&#8221; background_color=&#8221;rgba(150,152,154,0.1)&#8221; global_colors_info=&#8221;{}&#8221;][et_pb_column type=&#8221;4_4&#8243; _builder_version=&#8221;4.16&#8243; _module_preset=&#8221;default&#8221; custom_padding=&#8221;|||2%|false|false&#8221; custom_padding_tablet=&#8221;&#8221; custom_padding_phone=&#8221;&#8221; custom_padding_last_edited=&#8221;on|desktop&#8221; global_colors_info=&#8221;{}&#8221;][et_pb_text _builder_version=&#8221;4.16&#8243; _module_preset=&#8221;default&#8221; text_font=&#8221;|300|||||||&#8221; custom_margin=&#8221;2%|5%|2%||true|false&#8221; custom_margin_tablet=&#8221;&#8221; custom_margin_phone=&#8221;&#8221; custom_margin_last_edited=&#8221;on|desktop&#8221; text_font_tablet=&#8221;&#8221; text_font_phone=&#8221;&#8221; text_font_last_edited=&#8221;on|desktop&#8221; text_font_size_tablet=&#8221;&#8221; text_font_size_phone=&#8221;&#8221; text_font_size_last_edited=&#8221;on|desktop&#8221; global_colors_info=&#8221;{}&#8221;]<\/p>\n<p><b>&#8211; Esta\u00e7\u00e3o da Cheia<\/b><i><span style=\"font-weight: 400;\">:<\/span><\/i><span style=\"font-weight: 400;\"> Logo ap\u00f3s o caf\u00e9, sa\u00edda em lancha r\u00e1pida para visita \u00e0 comunidade do <\/span><b>Sobrado.<\/b><span style=\"font-weight: 400;\"> Na chegada, um passeio por <\/span><b>trilha interpretativa<\/b><span style=\"font-weight: 400;\"> em floresta de terra firme at\u00e9 alcan\u00e7ar uma <\/span><b>gigante Sama\u00fama<\/b><span style=\"font-weight: 400;\">, a maior esp\u00e9cie de \u00e1rvore da Amaz\u00f4nia! Retorno da trilha e almo\u00e7o tradicional de peixe amaz\u00f4nico assado na brasa na casa dos caboclos ribeirinhos, uma verdadeira experi\u00eancia com a comunidade. Em seguida, deslocamento at\u00e9 a <\/span><b>maior \u00e1rvore do igap\u00f3 de Anavilhanas, um Macucu gigante<\/b><span style=\"font-weight: 400;\"> no paran\u00e1 das Araras. No retorno ao lodge, incurs\u00e3o na floresta de igap\u00f3 para aprecia\u00e7\u00e3o da flora e fauna desse ecossistema.<\/span><\/p>\n<p><b>Dura\u00e7\u00e3o:<\/b><span style=\"font-weight: 400;\"> dia inteiro \/ <\/span><b>Dificuldade:<\/b><span style=\"font-weight: 400;\"> f\u00e1cil com trilha<\/span><\/p>\n<p>[\/et_pb_text][\/et_pb_column][\/et_pb_row][\/et_pb_section][et_pb_section fb_built=&#8221;1&#8243; admin_label=&#8221;Grutas do Madad\u00e1&#8221; _builder_version=&#8221;4.16&#8243; _module_preset=&#8221;default&#8221; background_color=&#8221;RGBA(0,0,0,0)&#8221; custom_margin_tablet=&#8221;-5%||||false|false&#8221; custom_margin_phone=&#8221;-10%||||false|false&#8221; custom_margin_last_edited=&#8221;on|phone&#8221; locked=&#8221;off&#8221; collapsed=&#8221;on&#8221; global_colors_info=&#8221;{}&#8221;][et_pb_row column_structure=&#8221;1_2,1_2&#8243; _builder_version=&#8221;4.16&#8243; _module_preset=&#8221;default&#8221; background_color=&#8221;rgba(150,152,154,0.1)&#8221; width_tablet=&#8221;&#8221; width_phone=&#8221;100%&#8221; width_last_edited=&#8221;on|phone&#8221; custom_margin_tablet=&#8221;&#8221; custom_margin_phone=&#8221;-10%||||false|false&#8221; custom_margin_last_edited=&#8221;on|phone&#8221; global_colors_info=&#8221;{}&#8221;][et_pb_column type=&#8221;1_2&#8243; _builder_version=&#8221;4.16&#8243; _module_preset=&#8221;default&#8221; custom_padding=&#8221;6%|5%||2%|false|false&#8221; custom_padding_tablet=&#8221;1%|0%||0%|false|true&#8221; custom_padding_phone=&#8221;&#8221; custom_padding_last_edited=&#8221;on|desktop&#8221; border_color_left=&#8221;#D09E59&#8243; global_colors_info=&#8221;{}&#8221;][et_pb_text _builder_version=&#8221;4.16&#8243; _module_preset=&#8221;default&#8221; text_font=&#8221;anke||||||||&#8221; text_font_size=&#8221;30px&#8221; text_line_height=&#8221;1.8em&#8221; custom_margin=&#8221;-10%||5%||false|false&#8221; custom_margin_tablet=&#8221;0%|5%||5%|false|true&#8221; custom_margin_phone=&#8221;0%||||false|false&#8221; custom_margin_last_edited=&#8221;on|tablet&#8221; text_font_size_tablet=&#8221;&#8221; text_font_size_phone=&#8221;20px&#8221; text_font_size_last_edited=&#8221;on|phone&#8221; text_line_height_tablet=&#8221;&#8221; text_line_height_phone=&#8221;&#8221; text_line_height_last_edited=&#8221;on|desktop&#8221; text_orientation_tablet=&#8221;center&#8221; text_orientation_phone=&#8221;&#8221; text_orientation_last_edited=&#8221;on|tablet&#8221; global_colors_info=&#8221;{}&#8221;]<\/p>\n<p>Grutas do Madad\u00e1<\/p>\n<p>[\/et_pb_text][et_pb_text _builder_version=&#8221;4.16&#8243; _module_preset=&#8221;default&#8221; text_font=&#8221;Roboto|300|||||||&#8221; custom_margin=&#8221;||5%||false|false&#8221; custom_margin_tablet=&#8221;|5%||5%|false|true&#8221; custom_margin_phone=&#8221;&#8221; custom_margin_last_edited=&#8221;on|tablet&#8221; text_font_size_tablet=&#8221;20px&#8221; text_font_size_phone=&#8221;16px&#8221; text_font_size_last_edited=&#8221;on|desktop&#8221; global_colors_info=&#8221;{}&#8221;]<\/p>\n<p>Dia de conhecer um dos atrativos mais surpreendentes da regi\u00e3o! As Grutas do Madad\u00e1 s\u00e3o forma\u00e7\u00f5es rochosas no meio da floresta, em uma regi\u00e3o mais remota, subindo o Rio Negro.\u00a0 Ap\u00f3s o caf\u00e9 da manh\u00e3, sa\u00edda em voadeira em trajeto de aproximadamente 1 hora. Chegando na Casa Rosa, local com mini-museu sobre a vida ribeirinha e fotos antigas, que \u00e9 o ponto de partida da trilha. Al\u00e9m dos sal\u00f5es de pedras que s\u00e3o o principal atrativo, a trilha que d\u00e1 acesso ao Madad\u00e1 possui diversos pontos de parada em que os guias desvendam os segredos da fauna e flora Amaz\u00f4nicas.<br \/>A trilha interpretativa tem dura\u00e7\u00e3o de 1:30h (3 horas ida\/volta) em terreno plano. Ap\u00f3s a caminhada, almo\u00e7o tradicional caboclo com peixe assado e descanso no bungalow.<\/p>\n<p><b>&#8211; Esta\u00e7\u00e3o da Seca: <\/b>No retorno, parada nas belas praias de areias claras em contraste com as \u00e1guas escuras do rio, para banho e contempla\u00e7\u00e3o.<\/p>\n<p><b>\u2013 Esta\u00e7\u00e3o da Cheia:<span>\u00a0<\/span><\/b><span>No retorno, um agrad\u00e1vel passeio de lancha por um paran\u00e3 que leva at\u00e9 uma das maravilhas naturais da regi\u00e3o: a majestosa \u00e1rvore Macucu, considerada a gigante das ilhas.<\/span><\/p>\n<p>Retorno de voadeira para o Lodge (1 hora), por entre as ilhas do Parque Nacional de Anavilhanas.<\/p>\n<p><b>Dura\u00e7\u00e3o:<\/b> dia inteiro \/ <b>Dificuldade:<\/b> intermedi\u00e1rio com trilha longa (3 horas).<\/p>\n<p>[\/et_pb_text][\/et_pb_column][et_pb_column type=&#8221;1_2&#8243; _builder_version=&#8221;4.16&#8243; _module_preset=&#8221;default&#8221; custom_padding=&#8221;1%|1%|1%|1%|true|true&#8221; custom_padding_tablet=&#8221;1%|5%|5%|5%|false|false&#8221; custom_padding_phone=&#8221;&#8221; custom_padding_last_edited=&#8221;on|tablet&#8221; border_color_left=&#8221;#D09E59&#8243; global_colors_info=&#8221;{}&#8221;][et_pb_image src=&#8221;https:\/\/mirantedogaviao.com.br\/br\/wp-content\/uploads\/2021\/11\/1627566815118-2.jpg&#8221; title_text=&#8221;WhatsApp Image 2026-03-31 at 07.54.29&#8243; _builder_version=&#8221;4.16&#8243; _module_preset=&#8221;default&#8221; global_colors_info=&#8221;{}&#8221;][\/et_pb_image][\/et_pb_column][\/et_pb_row][\/et_pb_section][et_pb_section fb_built=&#8221;1&#8243; disabled_on=&#8221;off|off|on&#8221; admin_label=&#8221;Massagem do Gavi\u00e3o &#8211; mobile&#8221; _builder_version=&#8221;4.16&#8243; _module_preset=&#8221;default&#8221; background_color=&#8221;RGBA(0,0,0,0)&#8221; custom_margin_tablet=&#8221;-5%||||false|false&#8221; custom_margin_phone=&#8221;-10%||||false|false&#8221; custom_margin_last_edited=&#8221;on|phone&#8221; locked=&#8221;off&#8221; collapsed=&#8221;off&#8221; global_colors_info=&#8221;{}&#8221;][et_pb_row column_structure=&#8221;1_2,1_2&#8243; _builder_version=&#8221;4.16&#8243; _module_preset=&#8221;default&#8221; background_color=&#8221;rgba(150,152,154,0.1)&#8221; width_tablet=&#8221;&#8221; width_phone=&#8221;100%&#8221; width_last_edited=&#8221;on|phone&#8221; custom_margin_tablet=&#8221;&#8221; custom_margin_phone=&#8221;-10%||||false|false&#8221; custom_margin_last_edited=&#8221;on|phone&#8221; global_colors_info=&#8221;{}&#8221;][et_pb_column type=&#8221;1_2&#8243; _builder_version=&#8221;4.16&#8243; _module_preset=&#8221;default&#8221; custom_padding=&#8221;1%|5%|1%|1%|true|false&#8221; custom_padding_tablet=&#8221;1%|0%|1%|0%|true|true&#8221; custom_padding_phone=&#8221;&#8221; custom_padding_last_edited=&#8221;on|tablet&#8221; global_colors_info=&#8221;{}&#8221;][et_pb_text _builder_version=&#8221;4.16&#8243; _module_preset=&#8221;default&#8221; text_font=&#8221;anke||||||||&#8221; text_font_size=&#8221;30px&#8221; custom_margin=&#8221;0px||5%||false|false&#8221; custom_margin_tablet=&#8221;0%|5%||5%|false|true&#8221; custom_margin_phone=&#8221;0%||||false|false&#8221; custom_margin_last_edited=&#8221;on|tablet&#8221; text_font_size_tablet=&#8221;&#8221; text_font_size_phone=&#8221;20px&#8221; text_font_size_last_edited=&#8221;on|phone&#8221; text_orientation_tablet=&#8221;center&#8221; text_orientation_phone=&#8221;&#8221; text_orientation_last_edited=&#8221;on|tablet&#8221; global_colors_info=&#8221;{}&#8221;]<\/p>\n<p>Massagem do Gavi\u00e3o<\/p>\n<p>[\/et_pb_text][et_pb_text _builder_version=&#8221;4.16&#8243; _module_preset=&#8221;default&#8221; text_font=&#8221;Roboto|300|||||||&#8221; custom_margin_tablet=&#8221;|5%||5%|false|true&#8221; custom_margin_phone=&#8221;&#8221; custom_margin_last_edited=&#8221;on|tablet&#8221; text_font_size_tablet=&#8221;20px&#8221; text_font_size_phone=&#8221;16px&#8221; text_font_size_last_edited=&#8221;on|tablet&#8221; global_colors_info=&#8221;{}&#8221;]<\/p>\n<p>O espa\u00e7o de bem-estar do lodge convida os h\u00f3spedes para uma massagem relaxante, inclusa no pacote. Aproveite esse momento para usufruir da estrutura de lazer, contemplar e descansar. Confirme seu hor\u00e1rio com a recep\u00e7\u00e3o.<br \/><strong><\/strong><\/p>\n<p><strong>Dura\u00e7\u00e3o:<\/strong> Sess\u00e3o de 30 minutos.<\/p>\n<p>[\/et_pb_text][\/et_pb_column][et_pb_column type=&#8221;1_2&#8243; _builder_version=&#8221;4.16&#8243; _module_preset=&#8221;default&#8221; custom_padding=&#8221;6%|5%||3%|false|false&#8221; custom_padding_tablet=&#8221;6%|5%|5%|5%|false|true&#8221; custom_padding_phone=&#8221;&#8221; custom_padding_last_edited=&#8221;on|tablet&#8221; border_color_left=&#8221;#D09E59&#8243; global_colors_info=&#8221;{}&#8221;][et_pb_image src=&#8221;https:\/\/mirantedogaviao.com.br\/br\/wp-content\/uploads\/2021\/08\/20200921-PD1A5400-scaled.jpg&#8221; title_text=&#8221;WhatsApp Image 2026-03-31 at 07.54.29&#8243; _builder_version=&#8221;4.16&#8243; _module_preset=&#8221;default&#8221; global_colors_info=&#8221;{}&#8221;][\/et_pb_image][\/et_pb_column][\/et_pb_row][\/et_pb_section][et_pb_section fb_built=&#8221;1&#8243; disabled_on=&#8221;on|on|off&#8221; admin_label=&#8221;Massagem do Gavi\u00e3o&#8221; _builder_version=&#8221;4.16&#8243; _module_preset=&#8221;default&#8221; locked=&#8221;off&#8221; collapsed=&#8221;on&#8221; global_colors_info=&#8221;{}&#8221;][et_pb_row column_structure=&#8221;1_2,1_2&#8243; _builder_version=&#8221;4.16&#8243; _module_preset=&#8221;default&#8221; background_color=&#8221;rgba(150,152,154,0.1)&#8221; global_colors_info=&#8221;{}&#8221;][et_pb_column type=&#8221;1_2&#8243; _builder_version=&#8221;4.16&#8243; _module_preset=&#8221;default&#8221; custom_padding=&#8221;1%|5%|1%|1%|true|false&#8221; global_colors_info=&#8221;{}&#8221;][et_pb_image src=&#8221;https:\/\/mirantedogaviao.com.br\/br\/wp-content\/uploads\/2021\/11\/20200921-PD1A5400-2-scaled.jpg&#8221; title_text=&#8221;WhatsApp Image 2026-03-31 at 07.54.29&#8243; _builder_version=&#8221;4.16&#8243; _module_preset=&#8221;default&#8221; global_colors_info=&#8221;{}&#8221;][\/et_pb_image][\/et_pb_column][et_pb_column type=&#8221;1_2&#8243; _builder_version=&#8221;4.16&#8243; _module_preset=&#8221;default&#8221; custom_padding=&#8221;6%|5%||3%|false|false&#8221; border_color_left=&#8221;#D09E59&#8243; global_colors_info=&#8221;{}&#8221;][et_pb_text _builder_version=&#8221;4.16&#8243; _module_preset=&#8221;default&#8221; text_font=&#8221;anke||||||||&#8221; text_font_size=&#8221;30px&#8221; text_line_height=&#8221;1.8em&#8221; custom_margin=&#8221;-10%||5%||false|false&#8221; custom_margin_tablet=&#8221;|5%||5%|false|true&#8221; custom_margin_phone=&#8221;0%||||false|false&#8221; custom_margin_last_edited=&#8221;on|tablet&#8221; text_font_size_tablet=&#8221;&#8221; text_font_size_phone=&#8221;20px&#8221; text_font_size_last_edited=&#8221;on|phone&#8221; text_line_height_tablet=&#8221;&#8221; text_line_height_phone=&#8221;&#8221; text_line_height_last_edited=&#8221;on|desktop&#8221; text_orientation_tablet=&#8221;center&#8221; text_orientation_phone=&#8221;&#8221; text_orientation_last_edited=&#8221;on|tablet&#8221; global_colors_info=&#8221;{}&#8221;]<\/p>\n<p>Massagem do Gavi\u00e3o<\/p>\n<p>[\/et_pb_text][et_pb_text _builder_version=&#8221;4.16&#8243; _module_preset=&#8221;default&#8221; text_font=&#8221;|300|||||||&#8221; global_colors_info=&#8221;{}&#8221;]<\/p>\n<p>O espa\u00e7o de bem-estar do lodge convida os h\u00f3spedes para uma massagem relaxante, inclusa no pacote. Aproveite esse momento para usufruir da estrutura de lazer, contemplar e descansar. Confirme seu hor\u00e1rio com a recep\u00e7\u00e3o.<br \/><strong><\/strong><\/p>\n<p><strong>Dura\u00e7\u00e3o:<\/strong> Sess\u00e3o de 30 minutos.<\/p>\n<p>[\/et_pb_text][\/et_pb_column][\/et_pb_row][\/et_pb_section][et_pb_section fb_built=&#8221;1&#8243; admin_label=&#8221;Mini expedi\u00e7\u00e3o seca&#8221; _builder_version=&#8221;4.17.4&#8243; _module_preset=&#8221;default&#8221; background_color=&#8221;RGBA(0,0,0,0)&#8221; custom_margin_tablet=&#8221;-5%||||false|false&#8221; custom_margin_phone=&#8221;-20%||||false|false&#8221; custom_margin_last_edited=&#8221;on|phone&#8221; hover_enabled=&#8221;0&#8243; collapsed=&#8221;off&#8221; global_colors_info=&#8221;{}&#8221; sticky_enabled=&#8221;0&#8243;][et_pb_row column_structure=&#8221;2_3,1_3&#8243; _builder_version=&#8221;4.17.4&#8243; _module_preset=&#8221;default&#8221; background_color=&#8221;rgba(150,152,154,0.1)&#8221; width_tablet=&#8221;&#8221; width_phone=&#8221;100%&#8221; width_last_edited=&#8221;on|phone&#8221; hover_enabled=&#8221;0&#8243; global_colors_info=&#8221;{}&#8221; sticky_enabled=&#8221;0&#8243;][et_pb_column type=&#8221;2_3&#8243; _builder_version=&#8221;4.16&#8243; _module_preset=&#8221;default&#8221; custom_padding=&#8221;6%|5%|0%|2%|false|false&#8221; custom_padding_tablet=&#8221;|0%||0%|false|true&#8221; custom_padding_phone=&#8221;&#8221; custom_padding_last_edited=&#8221;on|desktop&#8221; global_colors_info=&#8221;{}&#8221;][et_pb_text _builder_version=&#8221;4.16&#8243; _module_preset=&#8221;default&#8221; text_font=&#8221;anke||||||||&#8221; text_font_size=&#8221;30px&#8221; text_line_height=&#8221;1.8em&#8221; custom_margin=&#8221;-10%||5%||false|false&#8221; custom_margin_tablet=&#8221;0%|5%||5%|false|true&#8221; custom_margin_phone=&#8221;0%||||false|false&#8221; custom_margin_last_edited=&#8221;on|tablet&#8221; text_font_size_tablet=&#8221;&#8221; text_font_size_phone=&#8221;20px&#8221; text_font_size_last_edited=&#8221;on|phone&#8221; text_line_height_tablet=&#8221;&#8221; text_line_height_phone=&#8221;&#8221; text_line_height_last_edited=&#8221;on|desktop&#8221; text_orientation_tablet=&#8221;center&#8221; text_orientation_phone=&#8221;&#8221; text_orientation_last_edited=&#8221;on|tablet&#8221; global_colors_info=&#8221;{}&#8221;]<\/p>\n<p>Mini Expedi\u00e7\u00e3o<\/p>\n<p>[\/et_pb_text][et_pb_text _builder_version=&#8221;4.16&#8243; _module_preset=&#8221;default&#8221; text_font=&#8221;Roboto|300|||||||&#8221; width=&#8221;100%&#8221; min_height=&#8221;126.2px&#8221; custom_margin_tablet=&#8221;|5%|-10%|5%|false|true&#8221; custom_margin_phone=&#8221;&#8221; custom_margin_last_edited=&#8221;on|tablet&#8221; custom_padding=&#8221;||1px|||&#8221; hover_enabled=&#8221;0&#8243; text_font_size_tablet=&#8221;20px&#8221; text_font_size_phone=&#8221;16px&#8221; text_font_size_last_edited=&#8221;on|tablet&#8221; global_colors_info=&#8221;{}&#8221; sticky_enabled=&#8221;0&#8243;]<\/p>\n<p><strong>Expedi\u00e7\u00e3o Parque Nacional do Ja\u00fa com pernoite na floresta<\/strong><\/p>\n<p><strong>Velho Air\u00e3o \/ Parque Nacional do Ja\u00fa<\/strong><br \/>Aproveite o caf\u00e9 da manh\u00e3 no Lodge e se prepare para a aventura de conhecer regi\u00f5es mais remotas e preservadas do Rio Negro acima, na dire\u00e7\u00e3o do grande Parque Nacional do Ja\u00fa. Embarcamos em lancha r\u00e1pida, com paradas para observa\u00e7\u00e3o de fauna nos lagos do Arquip\u00e9lago de Anavilhanas (mediante oportunidades identificadas pelo Guia). Mais adiante, chegaremos no surpreendente local de Velho Air\u00e3o, o primeiro povoado portugu\u00eas do Rio Negro. Este local abrigava casar\u00f5es de cidades que eram pr\u00f3speras no per\u00edodo do ciclo da borracha e que hoje s\u00e3o ru\u00ednas de uma hist\u00f3ria abra\u00e7ada pela floresta.<br \/>&#8211; Depois da visita em Velho Air\u00e3o, check-in na base flutuante do ICMBio (Instituto Chico Mendes de Conserva\u00e7\u00e3o da Biodiversidade), \u00f3rg\u00e3o federal respons\u00e1vel pelo controle de entrada no Parque Nacional. Logo na entrada do Parque (foz do rio Ja\u00fa), apresenta\u00e7\u00e3o de documentos, r\u00e1pida sabatina e sa\u00edmos para conhecer as Samaumeiras, as \u00e1rvores gigantes da Amaz\u00f4nia!<br \/>&#8211; Visita \u00e0s cachoeiras do Parque Nacional do Ja\u00fa, banho com b\u00f3ias e lazer no Rio Carabinani.<br \/>&#8211; Almo\u00e7o caboclo na cachoeira: peixe assado na brasa e acompanhamentos.<br \/>&#8211; Tarde livre para explora\u00e7\u00e3o da regi\u00e3o do entorno, intera\u00e7\u00e3o com nativos (se l\u00e1 estiverem).<br \/>&#8211; Montagem do acampamento caboclo, com redes e tapiri, a melhor forma de acampar na floresta!<br \/>&#8211; O jantar \u00e9 servido por nossa equipe e pernoite no acampamento.<\/p>\n<p>&nbsp;<\/p>\n<p>&nbsp;<\/p>\n<p>&nbsp;<\/p>\n<p>&nbsp;<\/p>\n<p>[\/et_pb_text][\/et_pb_column][et_pb_column type=&#8221;1_3&#8243; _builder_version=&#8221;4.16&#8243; _module_preset=&#8221;default&#8221; custom_padding=&#8221;1%|5%||3%|false|false&#8221; custom_padding_tablet=&#8221;|0%||0%|false|true&#8221; custom_padding_phone=&#8221;&#8221; custom_padding_last_edited=&#8221;on|tablet&#8221; border_color_left=&#8221;#D09E59&#8243; global_colors_info=&#8221;{}&#8221;][et_pb_image src=&#8221;https:\/\/mirantedogaviao.com.br\/br\/wp-content\/uploads\/2021\/11\/1627586634035-4.jpg&#8221; title_text=&#8221;WhatsApp Image 2026-03-31 at 07.54.29&#8243; _builder_version=&#8221;4.17.4&#8243; _module_preset=&#8221;default&#8221; width=&#8221;115.9%&#8221; custom_margin=&#8221;45px|-46px|3px|||&#8221; hover_enabled=&#8221;0&#8243; global_colors_info=&#8221;{}&#8221; module_alignment=&#8221;right&#8221; sticky_enabled=&#8221;0&#8243;][\/et_pb_image][et_pb_image title_text=&#8221;WhatsApp Image 2026-03-31 at 07.54.29&#8243; _builder_version=&#8221;4.17.4&#8243; _module_preset=&#8221;default&#8221; width=&#8221;115.9%&#8221; custom_margin=&#8221;|-46px|3px|||&#8221; hover_enabled=&#8221;0&#8243; global_colors_info=&#8221;{}&#8221; module_alignment=&#8221;right&#8221; sticky_enabled=&#8221;0&#8243; src=&#8221;https:\/\/mirantedogaviao.com.br\/br\/wp-content\/uploads\/2026\/04\/WhatsApp-Image-2026-03-31-at-07.54.29.jpeg&#8221;][\/et_pb_image][\/et_pb_column][\/et_pb_row][et_pb_row _builder_version=&#8221;4.17.4&#8243; _module_preset=&#8221;default&#8221; global_colors_info=&#8221;{}&#8221;][et_pb_column type=&#8221;4_4&#8243; _builder_version=&#8221;4.17.4&#8243; _module_preset=&#8221;default&#8221; global_colors_info=&#8221;{}&#8221;][et_pb_sidebar _builder_version=&#8221;4.17.4&#8243; _module_preset=&#8221;default&#8221; global_colors_info=&#8221;{}&#8221;][\/et_pb_sidebar][\/et_pb_column][\/et_pb_row][et_pb_row _builder_version=&#8221;4.16&#8243; _module_preset=&#8221;default&#8221; background_color=&#8221;rgba(150,152,154,0.1)&#8221; width_tablet=&#8221;&#8221; width_phone=&#8221;100%&#8221; width_last_edited=&#8221;on|phone&#8221; global_colors_info=&#8221;{}&#8221;][et_pb_column type=&#8221;4_4&#8243; _builder_version=&#8221;4.16&#8243; _module_preset=&#8221;default&#8221; custom_padding=&#8221;|0%||1%|false|false&#8221; custom_padding_tablet=&#8221;&#8221; custom_padding_phone=&#8221;&#8221; custom_padding_last_edited=&#8221;on|desktop&#8221; global_colors_info=&#8221;{}&#8221;][et_pb_text _builder_version=&#8221;4.16&#8243; _module_preset=&#8221;default&#8221; text_font=&#8221;Roboto|300|||||||&#8221; custom_margin=&#8221;2%||2%||true|false&#8221; custom_margin_tablet=&#8221;|5%|5%|5%|false|true&#8221; custom_margin_phone=&#8221;&#8221; custom_margin_last_edited=&#8221;on|tablet&#8221; text_font_size_tablet=&#8221;20px&#8221; text_font_size_phone=&#8221;16px&#8221; text_font_size_last_edited=&#8221;on|tablet&#8221; global_colors_info=&#8221;{}&#8221;]<\/p>\n<p><strong>Parque Nacional do Ja\u00fa \/ Retorno para o lodge<\/strong><\/p>\n<p>No despertar aos sons da floresta, nossa equipe prepara o caf\u00e9 da manh\u00e3. A programa\u00e7\u00e3o hoje \u00e9 visitar a Comunidade da Cachoeira e interagir com o modo de vida caboclo\/ind\u00edgena de uma comunidade ribeirinha tradicional.<br \/>&#8211; Depois, canoagem at\u00e9 a ilha dos Macacos, com moradores locais, com poss\u00edvel visualiza\u00e7\u00e3o de bandos de macaco Bic\u00f3 e outros animais.<br \/>&#8211; No retorno, atra\u00e7\u00f5es da comunidade: \u00e1rvores gigantes (Sama\u00fama e Angelim), casa de farinha, pomar de frutas locais.<br \/>&#8211; Retorno em lancha r\u00e1pida ao Lodge Mirante do Gavi\u00e3o. Aproveite a navega\u00e7\u00e3o para aproveitar as cores do Rio Negro e parada para almo\u00e7o em s\u00edtio caboclo.<br \/>&#8211; Fim da tarde livre para descansar e aproveitar as \u00e1reas de lazer do lodge.<br \/>&#8211; Jantar no restaurante Camu-Camu.<\/p>\n<p>[\/et_pb_text][\/et_pb_column][\/et_pb_row][\/et_pb_section][et_pb_section fb_built=&#8221;1&#8243; _builder_version=&#8221;4.17.4&#8243; _module_preset=&#8221;default&#8221; global_colors_info=&#8221;{}&#8221;][et_pb_row column_structure=&#8221;1_2,1_2&#8243; _builder_version=&#8221;4.17.4&#8243; _module_preset=&#8221;default&#8221; global_colors_info=&#8221;{}&#8221;][et_pb_column type=&#8221;1_2&#8243; _builder_version=&#8221;4.17.4&#8243; _module_preset=&#8221;default&#8221; global_colors_info=&#8221;{}&#8221;][\/et_pb_column][et_pb_column type=&#8221;1_2&#8243; _builder_version=&#8221;4.17.4&#8243; _module_preset=&#8221;default&#8221; global_colors_info=&#8221;{}&#8221;][\/et_pb_column][\/et_pb_row][\/et_pb_section][et_pb_section fb_built=&#8221;1&#8243; _builder_version=&#8221;4.16&#8243; _module_preset=&#8221;default&#8221; custom_margin_tablet=&#8221;-10%||||false|false&#8221; custom_margin_phone=&#8221;&#8221; custom_margin_last_edited=&#8221;on|tablet&#8221; locked=&#8221;off&#8221; collapsed=&#8221;off&#8221; global_colors_info=&#8221;{}&#8221;][et_pb_row admin_label=&#8221;Linha&#8221; _builder_version=&#8221;4.16&#8243; _module_preset=&#8221;default&#8221; background_color=&#8221;rgba(150,152,154,0.1)&#8221; width_tablet=&#8221;&#8221; width_phone=&#8221;90%&#8221; width_last_edited=&#8221;on|phone&#8221; custom_margin_tablet=&#8221;&#8221; custom_margin_phone=&#8221;0%||0%||false|false&#8221; custom_margin_last_edited=&#8221;on|phone&#8221; global_colors_info=&#8221;{}&#8221;][et_pb_column type=&#8221;4_4&#8243; _builder_version=&#8221;4.16&#8243; _module_preset=&#8221;default&#8221; global_colors_info=&#8221;{}&#8221;][et_pb_button button_url=&#8221;http:\/\/www.mirantedogaviao.com.br\/br\/downloads\/tarifario\/tarifarioMGaviao.pdf&#8221; url_new_window=&#8221;on&#8221; button_text=&#8221;Tarif\u00e1rio&#8221; button_alignment=&#8221;center&#8221; _builder_version=&#8221;4.16&#8243; _module_preset=&#8221;default&#8221; custom_button=&#8221;on&#8221; button_text_size=&#8221;12px&#8221; button_text_color=&#8221;#E09900&#8243; button_font=&#8221;Roboto||||||||&#8221; transform_translate_linked=&#8221;off&#8221; background_layout=&#8221;dark&#8221; custom_margin=&#8221;2%||0px||false|false&#8221; custom_margin_tablet=&#8221;2%||0px||false|false&#8221; custom_margin_phone=&#8221;2%||0px||false|false&#8221; custom_margin_last_edited=&#8221;on|phone&#8221; animation_style=&#8221;zoom&#8221; animation_direction=&#8221;bottom&#8221; animation_duration=&#8221;900ms&#8221; animation_delay=&#8221;650ms&#8221; animation_speed_curve=&#8221;linear&#8221; global_colors_info=&#8221;{}&#8221;][\/et_pb_button][\/et_pb_column][\/et_pb_row][et_pb_row _builder_version=&#8221;4.16&#8243; _module_preset=&#8221;default&#8221; background_color=&#8221;rgba(150,152,154,0.1)&#8221; width_tablet=&#8221;&#8221; width_phone=&#8221;90%&#8221; width_last_edited=&#8221;on|phone&#8221; custom_margin_tablet=&#8221;&#8221; custom_margin_phone=&#8221;0%||-8%||false|false&#8221; custom_margin_last_edited=&#8221;on|phone&#8221; global_colors_info=&#8221;{}&#8221;][et_pb_column type=&#8221;4_4&#8243; _builder_version=&#8221;4.16&#8243; _module_preset=&#8221;default&#8221; global_colors_info=&#8221;{}&#8221;][et_pb_text _builder_version=&#8221;4.16&#8243; _module_preset=&#8221;default&#8221; custom_margin=&#8221;2%|2%|2%|2%|true|true&#8221; custom_margin_tablet=&#8221;-5%|5%|0%|5%|false|true&#8221; custom_margin_phone=&#8221;0%||||false|true&#8221; custom_margin_last_edited=&#8221;on|phone&#8221; text_font_tablet=&#8221;Roboto|300|||||||&#8221; text_font_phone=&#8221;Roboto|300|||||||&#8221; text_font_last_edited=&#8221;on|tablet&#8221; text_font_size_tablet=&#8221;20px&#8221; text_font_size_phone=&#8221;16px&#8221; text_font_size_last_edited=&#8221;on|tablet&#8221; global_colors_info=&#8221;{}&#8221;]<\/p>\n<p>* Todas as atividades descritas est\u00e3o inclusas nas experi\u00eancias e s\u00e3o compartilhadas em pequenos grupos. A ordem dos passeios \u00e9 definida no momento de chegada do h\u00f3spede de acordo com a log\u00edstica e condi\u00e7\u00f5es clim\u00e1ticas.<\/p>\n<p>[\/et_pb_text][\/et_pb_column][\/et_pb_row][\/et_pb_section][et_pb_section fb_built=&#8221;1&#8243; disabled_on=&#8221;on|on|on&#8221; admin_label=&#8221;Mini expedi\u00e7\u00e3o cheia&#8221; _builder_version=&#8221;4.16&#8243; _module_preset=&#8221;default&#8221; disabled=&#8221;on&#8221; collapsed=&#8221;off&#8221; global_colors_info=&#8221;{}&#8221;][et_pb_row column_structure=&#8221;1_2,1_2&#8243; _builder_version=&#8221;4.16&#8243; _module_preset=&#8221;default&#8221; background_color=&#8221;rgba(150,152,154,0.1)&#8221; global_colors_info=&#8221;{}&#8221;][et_pb_column type=&#8221;1_2&#8243; _builder_version=&#8221;4.16&#8243; _module_preset=&#8221;default&#8221; custom_padding=&#8221;1%|5%|1%|1%|true|false&#8221; global_colors_info=&#8221;{}&#8221;][et_pb_image src=&#8221;https:\/\/mirantedogaviao.com.br\/br\/wp-content\/uploads\/2021\/08\/1627586634035.jpg&#8221; title_text=&#8221;WhatsApp Image 2026-03-31 at 07.54.29&#8243; _builder_version=&#8221;4.17.4&#8243; _module_preset=&#8221;default&#8221; hover_enabled=&#8221;0&#8243; global_colors_info=&#8221;{}&#8221; sticky_enabled=&#8221;0&#8243;][\/et_pb_image][et_pb_image _builder_version=&#8221;4.17.4&#8243; _module_preset=&#8221;default&#8221; title_text=&#8221;WhatsApp Image 2026-03-31 at 07.54.29&#8243; src=&#8221;https:\/\/mirantedogaviao.com.br\/br\/wp-content\/uploads\/2026\/04\/WhatsApp-Image-2026-03-31-at-07.54.29.jpeg&#8221; hover_enabled=&#8221;0&#8243; sticky_enabled=&#8221;0&#8243;][\/et_pb_image][\/et_pb_column][et_pb_column type=&#8221;1_2&#8243; _builder_version=&#8221;4.16&#8243; _module_preset=&#8221;default&#8221; custom_padding=&#8221;0%|5%||3%|false|false&#8221; border_color_left=&#8221;#D09E59&#8243; global_colors_info=&#8221;{}&#8221;][et_pb_text _builder_version=&#8221;4.16&#8243; _module_preset=&#8221;default&#8221; text_font=&#8221;anke||||||||&#8221; text_font_size=&#8221;20px&#8221; custom_margin=&#8221;5%||5%||true|false&#8221; global_colors_info=&#8221;{}&#8221;]<\/p>\n<p>Mini expedi\u00e7\u00e3o (Esta\u00e7\u00e3o da Cheia)<\/p>\n<p>[\/et_pb_text][et_pb_text _builder_version=&#8221;4.16&#8243; _module_preset=&#8221;default&#8221; text_font=&#8221;|300|||||||&#8221; global_colors_info=&#8221;{}&#8221;]<\/p>\n<p><strong>Expedi\u00e7\u00e3o Cachoeiras Selvagens da Amaz\u00f4nia no Apua\u00fa<\/strong><\/p>\n<p>Ap\u00f3s o caf\u00e9 da manh\u00e3 no lodge, sa\u00edda em voadeira em dire\u00e7\u00e3o ao Rio Cuieras. Entramos no igarap\u00e9 I\u00e7ana e seguimos at\u00e9 sua principal cachoeira para banhos, mergulho no rio e outras atividades aqu\u00e1ticas, no Circuito de Cachoeiras Selvagens da Amaz\u00f4nia.<br \/>Almo\u00e7o tradicional caboclo: peixe assado na brasa e acompanhamentos, no bangal\u00f4 de selva do Mirante do Gavi\u00e3o, com estrutura de banheiro e cozinha.<br \/>Descanso e soneca na rede, antes de iniciarmos a trilha de 1 hora na mata at\u00e9 a cachoeira do Igarap\u00e9 do Baependi, outro afluente do Rio Cuieras. Chegamos ao local para atividades aqu\u00e1ticas nas cachoeiras e belas piscinas naturais. Retorno ao bangal\u00f4 de selva onde passaremos a noite. Jantar e est\u00f3rias do folclore caboclo em volta da fogueira, com a magia dos sons da mata.<br \/>O pernoite em redes, completa a experi\u00eancia de aventura!<\/p>\n<p>[\/et_pb_text][\/et_pb_column][\/et_pb_row][et_pb_row _builder_version=&#8221;4.16&#8243; _module_preset=&#8221;default&#8221; background_color=&#8221;rgba(150,152,154,0.1)&#8221; global_colors_info=&#8221;{}&#8221;][et_pb_column type=&#8221;4_4&#8243; _builder_version=&#8221;4.16&#8243; _module_preset=&#8221;default&#8221; global_colors_info=&#8221;{}&#8221;][et_pb_text _builder_version=&#8221;4.16&#8243; _module_preset=&#8221;default&#8221; text_font=&#8221;|300|||||||&#8221; custom_margin=&#8221;2%|5%|2%|1%|true|false&#8221; global_colors_info=&#8221;{}&#8221;]<\/p>\n<p>Desperte aos sons da floresta, enquanto nossa equipe prepara o caf\u00e9 da manh\u00e3. Aproveite para mais banhos de cachoeira, piscinas naturais e contempla\u00e7\u00e3o da natureza selvagem dos arredores. Retorno de voadeira ao Lodge Mirante do Gavi\u00e3o, com parada para almo\u00e7o em s\u00edtio caboclo. Chegada no lodge e tarde livre para descanso e para aproveitar as \u00e1reas de lazer do hotel.<\/p>\n<p><strong>Dia ideal para agendar a massagem relaxante inclusa no seu pacote.<\/strong><\/p>\n<p>[\/et_pb_text][\/et_pb_column][\/et_pb_row][\/et_pb_section]<\/p>\n","protected":false},"excerpt":{"rendered":"<p>Gavi\u00e3o no Mato (6 dias \/ 5 noites)Trilha Aqu\u00e1ticaEmbarque em voadeiras, como s\u00e3o chamadas as lanchas r\u00e1pidas que fazem deslocamentos no rio, para um passeio no Parque Nacional de Anavilhanas. A depender da esta\u00e7\u00e3o, o cen\u00e1rio \u00e9 completamente diferente! Os h\u00f3spedes podem aproveitar as belas praias de areia clara e \u00e1guas escuras na \u00e9poca da [&hellip;]<\/p>\n","protected":false},"author":1,"featured_media":0,"parent":0,"menu_order":0,"comment_status":"closed","ping_status":"closed","template":"","meta":{"_et_pb_use_builder":"on","_et_pb_old_content":"","_et_gb_content_width":"","_monsterinsights_skip_tracking":false,"_monsterinsights_sitenote_active":false,"_monsterinsights_sitenote_note":"","_monsterinsights_sitenote_category":0,"footnotes":""},"class_list":["post-2798","page","type-page","status-publish","hentry"],"_links":{"self":[{"href":"https:\/\/mirantedogaviao.com.br\/br\/wp-json\/wp\/v2\/pages\/2798","targetHints":{"allow":["GET"]}}],"collection":[{"href":"https:\/\/mirantedogaviao.com.br\/br\/wp-json\/wp\/v2\/pages"}],"about":[{"href":"https:\/\/mirantedogaviao.com.br\/br\/wp-json\/wp\/v2\/types\/page"}],"author":[{"embeddable":true,"href":"https:\/\/mirantedogaviao.com.br\/br\/wp-json\/wp\/v2\/users\/1"}],"replies":[{"embeddable":true,"href":"https:\/\/mirantedogaviao.com.br\/br\/wp-json\/wp\/v2\/comments?post=2798"}],"version-history":[{"count":8,"href":"https:\/\/mirantedogaviao.com.br\/br\/wp-json\/wp\/v2\/pages\/2798\/revisions"}],"predecessor-version":[{"id":239081,"href":"https:\/\/mirantedogaviao.com.br\/br\/wp-json\/wp\/v2\/pages\/2798\/revisions\/239081"}],"wp:attachment":[{"href":"https:\/\/mirantedogaviao.com.br\/br\/wp-json\/wp\/v2\/media?parent=2798"}],"curies":[{"name":"wp","href":"https:\/\/api.w.org\/{rel}","templated":true}]}}