{"id":2803,"date":"2021-08-12T14:11:26","date_gmt":"2021-08-12T14:11:26","guid":{"rendered":"https:\/\/mirantedogaviao.com.br\/br\/?page_id=2803"},"modified":"2026-03-27T15:10:39","modified_gmt":"2026-03-27T15:10:39","slug":"gaviao-na-maloca","status":"publish","type":"page","link":"https:\/\/mirantedogaviao.com.br\/br\/gaviao-na-maloca\/","title":{"rendered":"Gavi\u00e3o na Maloca"},"content":{"rendered":"<p>[et_pb_section fb_built=&#8221;1&#8243; admin_label=&#8221;capa&#8221; _builder_version=&#8221;4.16&#8243; _module_preset=&#8221;default&#8221; background_color=&#8221;RGBA(0,0,0,0)&#8221; background_image=&#8221;https:\/\/mirantedogaviao.com.br\/br\/wp-content\/uploads\/2021\/08\/Katerre138_Original.jpg&#8221; background_enable_video_mp4=&#8221;off&#8221; min_height=&#8221;300px&#8221; min_height_tablet=&#8221;300px&#8221; min_height_phone=&#8221;&#8221; min_height_last_edited=&#8221;on|tablet&#8221; custom_margin=&#8221;125px||||false|false&#8221; custom_margin_tablet=&#8221;23%||||false|false&#8221; custom_margin_phone=&#8221;30%||0px||false|false&#8221; custom_margin_last_edited=&#8221;on|desktop&#8221; saved_tabs=&#8221;all&#8221; collapsed=&#8221;off&#8221; global_colors_info=&#8221;{}&#8221;][et_pb_row _builder_version=&#8221;4.16&#8243; _module_preset=&#8221;default&#8221; width_tablet=&#8221;90%&#8221; width_phone=&#8221;&#8221; width_last_edited=&#8221;on|tablet&#8221; global_colors_info=&#8221;{}&#8221;][et_pb_column type=&#8221;4_4&#8243; _builder_version=&#8221;4.16&#8243; _module_preset=&#8221;default&#8221; global_colors_info=&#8221;{}&#8221;][et_pb_text content_tablet=&#8221;&#8221; content_phone=&#8221;Gavi\u00e3o na Maloca <span style=%22font-size: 20px;%22>(6 dias \/ 5 noites)<\/span>&#8221; content_last_edited=&#8221;on|phone&#8221; _builder_version=&#8221;4.16&#8243; _module_preset=&#8221;default&#8221; text_font=&#8221;anke||||||||&#8221; text_text_color=&#8221;#FFFFFF&#8221; text_font_size=&#8221;80px&#8221; text_line_height=&#8221;1.3em&#8221; text_orientation=&#8221;center&#8221; custom_margin=&#8221;8%||||false|false&#8221; custom_margin_tablet=&#8221;6%||10%||false|false&#8221; custom_margin_phone=&#8221;&#8221; custom_margin_last_edited=&#8221;on|tablet&#8221; text_font_size_tablet=&#8221;58px&#8221; text_font_size_phone=&#8221;30px&#8221; text_font_size_last_edited=&#8221;on|tablet&#8221; global_colors_info=&#8221;{}&#8221;]<\/p>\n<p>Gavi\u00e3o na Maloca <span style=\"font-size: 30px;\">(6 dias \/ 5 noites)<\/span><\/p>\n<p>[\/et_pb_text][\/et_pb_column][\/et_pb_row][\/et_pb_section][et_pb_section fb_built=&#8221;1&#8243; disabled_on=&#8221;on|on|off&#8221; admin_label=&#8221;Contemplacao do por-do-Sol&#8221; _builder_version=&#8221;4.16&#8243; _module_preset=&#8221;default&#8221; custom_margin_tablet=&#8221;-10%||||false|false&#8221; custom_margin_phone=&#8221;&#8221; custom_margin_last_edited=&#8221;on|tablet&#8221; locked=&#8221;off&#8221; collapsed=&#8221;on&#8221; global_colors_info=&#8221;{}&#8221;][et_pb_row column_structure=&#8221;1_2,1_2&#8243; _builder_version=&#8221;4.16&#8243; _module_preset=&#8221;default&#8221; background_color=&#8221;rgba(150,152,154,0.1)&#8221; global_colors_info=&#8221;{}&#8221;][et_pb_column type=&#8221;1_2&#8243; _builder_version=&#8221;4.16&#8243; _module_preset=&#8221;default&#8221; custom_padding=&#8221;1%|5%|1%|1%|true|false&#8221; global_colors_info=&#8221;{}&#8221;][et_pb_image src=&#8221;https:\/\/mirantedogaviao.com.br\/br\/wp-content\/uploads\/2021\/11\/Katerre147-2-scaled.jpg&#8221; title_text=&#8221;Katerre147-2&#8243; _builder_version=&#8221;4.16&#8243; _module_preset=&#8221;default&#8221; global_colors_info=&#8221;{}&#8221;][\/et_pb_image][\/et_pb_column][et_pb_column type=&#8221;1_2&#8243; _builder_version=&#8221;4.16&#8243; _module_preset=&#8221;default&#8221; custom_padding=&#8221;6%|5%||3%|false|false&#8221; border_color_left=&#8221;#D09E59&#8243; global_colors_info=&#8221;{}&#8221;][et_pb_text _builder_version=&#8221;4.16&#8243; _module_preset=&#8221;default&#8221; text_font=&#8221;anke||||||||&#8221; text_font_size=&#8221;30px&#8221; custom_margin=&#8221;-10%||5%||false|false&#8221; custom_margin_tablet=&#8221;|5%||5%|false|true&#8221; custom_margin_phone=&#8221;&#8221; custom_margin_last_edited=&#8221;on|tablet&#8221; text_orientation_tablet=&#8221;center&#8221; text_orientation_phone=&#8221;&#8221; text_orientation_last_edited=&#8221;on|tablet&#8221; global_colors_info=&#8221;{}&#8221;]<\/p>\n<p>Contempla\u00e7\u00e3o do P\u00f4r-do-Sol<\/p>\n<p>[\/et_pb_text][et_pb_text content_tablet=&#8221;&#8221; content_phone=&#8221;&#8221; content_last_edited=&#8221;on|tablet&#8221; _builder_version=&#8221;4.17.4&#8243; _module_preset=&#8221;default&#8221; text_font=&#8221;Roboto|300|||||||&#8221; hover_enabled=&#8221;0&#8243; text_font_tablet=&#8221;&#8221; text_font_phone=&#8221;&#8221; text_font_last_edited=&#8221;on|desktop&#8221; text_font_size_tablet=&#8221;20px&#8221; text_font_size_phone=&#8221;&#8221; text_font_size_last_edited=&#8221;on|tablet&#8221; global_colors_info=&#8221;{}&#8221; sticky_enabled=&#8221;0&#8243;]<\/p>\n<p>Das belezas da Amaz\u00f4nia, as cores do c\u00e9u refletidas no Rio Negro certamente s\u00e3o um dos destaques que tornam esse destino especial. Dif\u00edcil descrever os tons de rosa, lil\u00e1s, verde e azul que se misturam com o verde escuro e profundo da floresta, tocando o espelho das \u00e1guas negras do rio. O passeio de contempla\u00e7\u00e3o do p\u00f4r do sol \u00e9 feito em voadeiras at\u00e9 o melhor local entre as ilhas para aproveitar o sil\u00eancio, sentir a paz e mergulhar nas cores amaz\u00f4nicas. Durante essa experi\u00eancia, h\u00e1 ainda a possibilidade de intera\u00e7\u00e3o com os botos em seu habitat natural, um encontro \u00fanico e emocionante que revela a harmonia entre a vida selvagem e a grandiosidade da floresta, tornando o momento ainda mais inesquec\u00edvel !<\/p>\n<p>[\/et_pb_text][\/et_pb_column][\/et_pb_row][\/et_pb_section][et_pb_section fb_built=&#8221;1&#8243; admin_label=&#8221;Focagem de animais noturnos&#8221; _builder_version=&#8221;4.16&#8243; _module_preset=&#8221;default&#8221; custom_margin_tablet=&#8221;-10%||||false|false&#8221; custom_margin_phone=&#8221;&#8221; custom_margin_last_edited=&#8221;on|tablet&#8221; locked=&#8221;off&#8221; collapsed=&#8221;on&#8221; global_colors_info=&#8221;{}&#8221;][et_pb_row column_structure=&#8221;1_2,1_2&#8243; _builder_version=&#8221;4.16&#8243; _module_preset=&#8221;default&#8221; background_color=&#8221;rgba(150,152,154,0.1)&#8221; width_tablet=&#8221;&#8221; width_phone=&#8221;100%&#8221; width_last_edited=&#8221;on|phone&#8221; custom_margin_tablet=&#8221;&#8221; custom_margin_phone=&#8221;-10%||||false|false&#8221; custom_margin_last_edited=&#8221;on|phone&#8221; global_colors_info=&#8221;{}&#8221;][et_pb_column type=&#8221;1_2&#8243; _builder_version=&#8221;4.16&#8243; _module_preset=&#8221;default&#8221; custom_padding=&#8221;6%|5%||2%|false|false&#8221; custom_padding_tablet=&#8221;|0%||0%|false|true&#8221; custom_padding_phone=&#8221;&#8221; custom_padding_last_edited=&#8221;on|tablet&#8221; global_colors_info=&#8221;{}&#8221;][et_pb_text _builder_version=&#8221;4.16&#8243; _module_preset=&#8221;default&#8221; text_font=&#8221;anke||||||||&#8221; text_font_size=&#8221;30px&#8221; custom_margin=&#8221;-10%||5%||false|false&#8221; custom_margin_tablet=&#8221;-5%|5%||5%|false|true&#8221; custom_margin_phone=&#8221;&#8221; custom_margin_last_edited=&#8221;on|tablet&#8221; text_font_size_tablet=&#8221;&#8221; text_font_size_phone=&#8221;20px&#8221; text_font_size_last_edited=&#8221;on|phone&#8221; text_orientation_tablet=&#8221;center&#8221; text_orientation_phone=&#8221;&#8221; text_orientation_last_edited=&#8221;on|tablet&#8221; global_colors_info=&#8221;{}&#8221;]<\/p>\n<p>Focagem de Animais Noturnos<\/p>\n<p>[\/et_pb_text][et_pb_text content_tablet=&#8221;<\/p>\n<p>Viajar para a Amaz\u00f4nia \u00e9 compreender que a natureza \u00e9 a protagonista da aventura! Para observar animais silvestres, temos que fazer sil\u00eancio e seguir o instinto dos guias que conhecem a regi\u00e3o e seus segredos. Quando encontramos um jacar\u00e9 na beira do rio ou temos a sorte de ver uma pregui\u00e7a nas \u00e1rvores, \u00e9 que entendemos a grandiosidade da floresta. Nessa atividade, assim que a noite chega, os h\u00f3spedes s\u00e3o levados por experientes guias para um passeio em voadeiras no Parque Nacional de Anavilhanas \u00e0 procura de animais de h\u00e1bitos noturnos.<\/p>\n<p><b>Dura\u00e7\u00e3o<\/b>: 1:30h no per\u00edodo noturno \/ <b>Dificuldade:<\/b> f\u00e1cil e acess\u00edvel<\/p>\n<p>&#8221; content_phone=&#8221;<\/p>\n<p>Viajar para a Amaz\u00f4nia \u00e9 compreender que a natureza \u00e9 a protagonista da aventura! Para observar animais silvestres, temos que fazer sil\u00eancio e seguir o instinto dos guias que conhecem a regi\u00e3o e seus segredos. Quando encontramos um jacar\u00e9 na beira do rio ou temos a sorte de ver uma pregui\u00e7a nas \u00e1rvores, \u00e9 que entendemos a grandiosidade da floresta. Nessa atividade, assim que a noite chega, os h\u00f3spedes s\u00e3o levados por experientes guias para um passeio em voadeiras no Parque Nacional de Anavilhanas \u00e0 procura de animais de h\u00e1bitos noturnos.<\/p>\n<p><b>Dura\u00e7\u00e3o<\/b>: 1:30h no per\u00edodo noturno \/ <b>Dificuldade:<\/b> f\u00e1cil e acess\u00edvel<\/p>\n<p>&#8221; content_last_edited=&#8221;on|tablet&#8221; _builder_version=&#8221;4.16&#8243; _module_preset=&#8221;default&#8221; text_font=&#8221;Roboto||||||||&#8221; custom_margin_tablet=&#8221;|5%|5%|5%|false|true&#8221; custom_margin_phone=&#8221;|5%|5%|5%|false|true&#8221; custom_margin_last_edited=&#8221;on|phone&#8221; text_font_tablet=&#8221;Roboto|300|||||||&#8221; text_font_phone=&#8221;Roboto|300|||||||&#8221; text_font_last_edited=&#8221;on|phone&#8221; text_font_size_tablet=&#8221;20px&#8221; text_font_size_phone=&#8221;16px&#8221; text_font_size_last_edited=&#8221;on|tablet&#8221; global_colors_info=&#8221;{}&#8221;]<\/p>\n<p><span style=\"font-weight: 400;\">Viajar para a Amaz\u00f4nia \u00e9 compreender que a natureza \u00e9 a protagonista da aventura! Para observar animais silvestres, temos que fazer sil\u00eancio e seguir o instinto dos guias que conhecem a regi\u00e3o e seus segredos. Quando encontramos um jacar\u00e9 na beira do rio ou temos a sorte de ver uma pregui\u00e7a nas \u00e1rvores, \u00e9 que entendemos a grandiosidade da floresta. Nessa atividade, assim que a noite chega, os h\u00f3spedes s\u00e3o levados por experientes guias para um passeio em voadeiras no Parque Nacional de Anavilhanas \u00e0 procura de animais de h\u00e1bitos noturnos.\u00a0<\/span><\/p>\n<p><b>Dura\u00e7\u00e3o<\/b><span style=\"font-weight: 400;\">: 1:30h no per\u00edodo noturno \/ <\/span><b>Dificuldade:<\/b><span style=\"font-weight: 400;\"> f\u00e1cil e acess\u00edvel<\/span><\/p>\n<p>[\/et_pb_text][\/et_pb_column][et_pb_column type=&#8221;1_2&#8243; _builder_version=&#8221;4.16&#8243; _module_preset=&#8221;default&#8221; custom_padding=&#8221;1%|1%|1%|1%|true|true&#8221; custom_padding_tablet=&#8221;1%|5%|1%|5%|true|true&#8221; custom_padding_phone=&#8221;&#8221; custom_padding_last_edited=&#8221;on|tablet&#8221; global_colors_info=&#8221;{}&#8221;][et_pb_image src=&#8221;https:\/\/mirantedogaviao.com.br\/br\/wp-content\/uploads\/2021\/11\/Katerre155-2-scaled.jpg&#8221; title_text=&#8221;Katerre155-2&#8243; _builder_version=&#8221;4.16&#8243; _module_preset=&#8221;default&#8221; global_colors_info=&#8221;{}&#8221;][\/et_pb_image][\/et_pb_column][\/et_pb_row][\/et_pb_section][et_pb_section fb_built=&#8221;1&#8243; disabled_on=&#8221;on|on|off&#8221; admin_label=&#8221;\u00c1reas de lazer do lodge&#8221; _builder_version=&#8221;4.16&#8243; _module_preset=&#8221;default&#8221; locked=&#8221;off&#8221; collapsed=&#8221;on&#8221; global_colors_info=&#8221;{}&#8221;][et_pb_row column_structure=&#8221;1_2,1_2&#8243; _builder_version=&#8221;4.16&#8243; _module_preset=&#8221;default&#8221; background_color=&#8221;rgba(150,152,154,0.1)&#8221; global_colors_info=&#8221;{}&#8221;][et_pb_column type=&#8221;1_2&#8243; _builder_version=&#8221;4.16&#8243; _module_preset=&#8221;default&#8221; custom_padding=&#8221;1%|5%|1%|1%|true|false&#8221; global_colors_info=&#8221;{}&#8221;][et_pb_image src=&#8221;https:\/\/mirantedogaviao.com.br\/br\/wp-content\/uploads\/2021\/11\/20161105-PD1A3438-2-scaled.jpg&#8221; title_text=&#8221;20161105-PD1A3438-2&#8243; _builder_version=&#8221;4.16&#8243; _module_preset=&#8221;default&#8221; global_colors_info=&#8221;{}&#8221;][\/et_pb_image][\/et_pb_column][et_pb_column type=&#8221;1_2&#8243; _builder_version=&#8221;4.16&#8243; _module_preset=&#8221;default&#8221; custom_padding=&#8221;6%|5%||3%|false|false&#8221; border_color_left=&#8221;#D09E59&#8243; global_colors_info=&#8221;{}&#8221;][et_pb_text _builder_version=&#8221;4.16&#8243; _module_preset=&#8221;default&#8221; text_font=&#8221;anke||||||||&#8221; text_font_size=&#8221;30px&#8221; custom_margin=&#8221;-10%||5%||false|false&#8221; custom_margin_tablet=&#8221;-5%|5%||5%|false|true&#8221; custom_margin_phone=&#8221;&#8221; custom_margin_last_edited=&#8221;on|tablet&#8221; text_orientation_tablet=&#8221;center&#8221; text_orientation_phone=&#8221;&#8221; text_orientation_last_edited=&#8221;on|tablet&#8221; global_colors_info=&#8221;{}&#8221;]<\/p>\n<p>\u00c1reas de lazer do lodge<\/p>\n<p>[\/et_pb_text][et_pb_text _builder_version=&#8221;4.16&#8243; _module_preset=&#8221;default&#8221; text_font=&#8221;|300|||||||&#8221; global_colors_info=&#8221;{}&#8221;]<\/p>\n<p><span style=\"font-weight: 400;\">Em alguns momentos da viagem, entre a chegada de um passeio e as refei\u00e7\u00f5es, aproveite para curtir as \u00e1reas de lazer do lodge. O deck no Rio Negro convida os h\u00f3spedes para um delicioso banho de rio, al\u00e9m dos kayaks e stand-up paddles sempre \u00e0 disposi\u00e7\u00e3o. Para variar o mergulho, a piscina \u00e9 uma boa op\u00e7\u00e3o. Nos dias chuvosos, a sala de jogos \u00e9 a preferida e bons livros sobre a Amaz\u00f4nia tamb\u00e9m est\u00e3o dispon\u00edveis. No nascer e p\u00f4r-do-sol, os mirantes s\u00e3o a melhor sugest\u00e3o e para a noite, <\/span><b>aconselhamos uma massagem relaxante (opcional \u00e0 parte \u2013 inclusa nos pacotes de 5 dias\/4 noites ou mais).<\/b><\/p>\n<p>[\/et_pb_text][\/et_pb_column][\/et_pb_row][\/et_pb_section][et_pb_section fb_built=&#8221;1&#8243; admin_label=&#8221;Seja um local&#8221; _builder_version=&#8221;4.16&#8243; _module_preset=&#8221;default&#8221; custom_margin_tablet=&#8221;-10%||||false|false&#8221; custom_margin_phone=&#8221;&#8221; custom_margin_last_edited=&#8221;on|tablet&#8221; locked=&#8221;off&#8221; collapsed=&#8221;on&#8221; global_colors_info=&#8221;{}&#8221;][et_pb_row column_structure=&#8221;1_2,1_2&#8243; _builder_version=&#8221;4.16&#8243; _module_preset=&#8221;default&#8221; background_color=&#8221;rgba(150,152,154,0.1)&#8221; width_tablet=&#8221;&#8221; width_phone=&#8221;100%&#8221; width_last_edited=&#8221;on|phone&#8221; custom_margin_tablet=&#8221;&#8221; custom_margin_phone=&#8221;-10%||||false|false&#8221; custom_margin_last_edited=&#8221;on|phone&#8221; global_colors_info=&#8221;{}&#8221;][et_pb_column type=&#8221;1_2&#8243; _builder_version=&#8221;4.16&#8243; _module_preset=&#8221;default&#8221; custom_padding=&#8221;6%|5%||2%|false|false&#8221; custom_padding_tablet=&#8221;1%|0%||0%|false|true&#8221; custom_padding_phone=&#8221;&#8221; custom_padding_last_edited=&#8221;on|desktop&#8221; border_color_left=&#8221;#D09E59&#8243; global_colors_info=&#8221;{}&#8221;][et_pb_text _builder_version=&#8221;4.16&#8243; _module_preset=&#8221;default&#8221; text_font=&#8221;anke||||||||&#8221; text_font_size=&#8221;30px&#8221; text_line_height=&#8221;1.8em&#8221; custom_margin=&#8221;-10%||5%||false|false&#8221; custom_margin_tablet=&#8221;0%|5%||5%|false|true&#8221; custom_margin_phone=&#8221;0%||||false|false&#8221; custom_margin_last_edited=&#8221;on|tablet&#8221; text_font_size_tablet=&#8221;&#8221; text_font_size_phone=&#8221;20px&#8221; text_font_size_last_edited=&#8221;on|phone&#8221; text_line_height_tablet=&#8221;&#8221; text_line_height_phone=&#8221;&#8221; text_line_height_last_edited=&#8221;on|desktop&#8221; text_orientation_tablet=&#8221;center&#8221; text_orientation_phone=&#8221;&#8221; text_orientation_last_edited=&#8221;on|tablet&#8221; global_colors_info=&#8221;{}&#8221;]<\/p>\n<p>\u2018Seja um local\u2019: Arte e Educa\u00e7\u00e3o Amaz\u00f4nida<\/p>\n<p>[\/et_pb_text][et_pb_text _builder_version=&#8221;4.16&#8243; _module_preset=&#8221;default&#8221; text_font=&#8221;|300|||||||&#8221; custom_margin=&#8221;||5%||false|false&#8221; custom_margin_tablet=&#8221;|5%|5%|5%|false|true&#8221; custom_margin_phone=&#8221;&#8221; custom_margin_last_edited=&#8221;on|tablet&#8221; text_font_tablet=&#8221;Roboto|300|||||||&#8221; text_font_phone=&#8221;Roboto|300|||||||&#8221; text_font_last_edited=&#8221;on|tablet&#8221; text_font_size_tablet=&#8221;20px&#8221; text_font_size_phone=&#8221;16px&#8221; text_font_size_last_edited=&#8221;on|tablet&#8221; global_colors_info=&#8221;{}&#8221;]<\/p>\n<p>\u201cSer um local\u201d \u00e9 ser um Amaz\u00f4nida! Amaz\u00f4nidas s\u00e3o as pessoas que vivem na maior floresta tropical do mundo.<\/p>\n<p>Neste dia vamos passear pela cidade de Novo Air\u00e3o para visitar as iniciativas locais de projetos de educa\u00e7\u00e3o, conserva\u00e7\u00e3o e artesanatos. Os h\u00f3spedes conhecem os projetos que apoiam diretamente, ao escolherem fazer uma viagem para a Amaz\u00f4nia com a Expedi\u00e7\u00e3o Katerre e o Mirante do Gavi\u00e3o Amazon Lodge, e fazem parte dessa rede de sustentabilidade feita na pr\u00e1tica. \u2018Seja um local\u2019 \u00e9 um passeio terrestre, realizado em ve\u00edculo climatizado, percorrendo pequenas dist\u00e2ncias dentro da cidade de Novo Air\u00e3o &#8211; com opcional de utiliza\u00e7\u00e3o das bicicletas do hotel.<\/p>\n<p><strong>Pontos de parada<\/strong>: Funda\u00e7\u00e3o Almerinda Malaquias (FAM)\u00a0 \/ Associa\u00e7\u00e3o dos Artes\u00e3os de Novo Air\u00e3o (AANA).<\/p>\n<p><b>Dura\u00e7\u00e3o:<\/b> meio per\u00edodo \/ <b>Dificuldade:<\/b> f\u00e1cil e acess\u00edvel<\/p>\n<p>[\/et_pb_text][\/et_pb_column][et_pb_column type=&#8221;1_2&#8243; _builder_version=&#8221;4.16&#8243; _module_preset=&#8221;default&#8221; custom_padding=&#8221;1%|1%|1%|1%|true|true&#8221; custom_padding_tablet=&#8221;1%|5%|1%|5%|true|false&#8221; custom_padding_phone=&#8221;&#8221; custom_padding_last_edited=&#8221;on|tablet&#8221; global_colors_info=&#8221;{}&#8221;][et_pb_image src=&#8221;https:\/\/mirantedogaviao.com.br\/br\/wp-content\/uploads\/2021\/11\/FAM-1627554441568-3-scaled.jpg&#8221; title_text=&#8221;FAM 1627554441568-3&#8243; _builder_version=&#8221;4.16&#8243; _module_preset=&#8221;default&#8221; global_colors_info=&#8221;{}&#8221;][\/et_pb_image][\/et_pb_column][\/et_pb_row][\/et_pb_section][et_pb_section fb_built=&#8221;1&#8243; disabled_on=&#8221;on|on|off&#8221; admin_label=&#8221;\u00c1rvore Gigante&#8221; _builder_version=&#8221;4.16&#8243; _module_preset=&#8221;default&#8221; locked=&#8221;off&#8221; collapsed=&#8221;on&#8221; global_colors_info=&#8221;{}&#8221;][et_pb_row column_structure=&#8221;1_2,1_2&#8243; _builder_version=&#8221;4.16&#8243; _module_preset=&#8221;default&#8221; background_color=&#8221;rgba(150,152,154,0.1)&#8221; global_colors_info=&#8221;{}&#8221;][et_pb_column type=&#8221;1_2&#8243; _builder_version=&#8221;4.16&#8243; _module_preset=&#8221;default&#8221; custom_padding=&#8221;1%|5%|1%|1%|true|false&#8221; global_colors_info=&#8221;{}&#8221;][et_pb_image src=&#8221;https:\/\/mirantedogaviao.com.br\/br\/wp-content\/uploads\/2021\/11\/1627562216552-2.jpg&#8221; title_text=&#8221;1627562216552-2&#8243; _builder_version=&#8221;4.16&#8243; _module_preset=&#8221;default&#8221; global_colors_info=&#8221;{}&#8221;][\/et_pb_image][\/et_pb_column][et_pb_column type=&#8221;1_2&#8243; _builder_version=&#8221;4.16&#8243; _module_preset=&#8221;default&#8221; custom_padding=&#8221;6%|5%||3%|false|false&#8221; border_color_left=&#8221;#D09E59&#8243; global_colors_info=&#8221;{}&#8221;][et_pb_text _builder_version=&#8221;4.16&#8243; _module_preset=&#8221;default&#8221; text_font=&#8221;anke||||||||&#8221; text_font_size=&#8221;30px&#8221; text_line_height=&#8221;1.8em&#8221; custom_margin=&#8221;-10%||5%||false|false&#8221; custom_margin_tablet=&#8221;|5%||5%|false|true&#8221; custom_margin_phone=&#8221;0%||||false|false&#8221; custom_margin_last_edited=&#8221;on|tablet&#8221; text_font_size_tablet=&#8221;&#8221; text_font_size_phone=&#8221;20px&#8221; text_font_size_last_edited=&#8221;on|phone&#8221; text_line_height_tablet=&#8221;&#8221; text_line_height_phone=&#8221;&#8221; text_line_height_last_edited=&#8221;on|desktop&#8221; text_orientation_tablet=&#8221;center&#8221; text_orientation_phone=&#8221;&#8221; text_orientation_last_edited=&#8221;on|tablet&#8221; global_colors_info=&#8221;{}&#8221;]<\/p>\n<p>\u00c1rvore Gigante e Comunidade Tradicional Ribeirinha<\/p>\n<p>[\/et_pb_text][et_pb_text _builder_version=&#8221;4.16&#8243; _module_preset=&#8221;default&#8221; text_font=&#8221;|300|||||||&#8221; text_font_tablet=&#8221;&#8221; text_font_phone=&#8221;&#8221; text_font_last_edited=&#8221;on|desktop&#8221; global_colors_info=&#8221;{}&#8221;]<\/p>\n<p><b>&#8211; Esta\u00e7\u00e3o da Seca<\/b><i><span style=\"font-weight: 400;\">:<\/span><\/i><span style=\"font-weight: 400;\"> Logo ap\u00f3s o caf\u00e9, sa\u00edda em lancha r\u00e1pida para visita \u00e0 comunidade ribeirinha<\/span><b>\u00a0Tiririca.<\/b><span style=\"font-weight: 400;\"> Na chegada, um passeio por <\/span><b>trilha interpretativa<\/b><span style=\"font-weight: 400;\"> em floresta de terra firme para conhecer os segredos da fauna e flora. Retorno da trilha e almo\u00e7o tradicional de peixe amaz\u00f4nico assado na brasa na casa dos caboclos ribeirinhos, uma verdadeira experi\u00eancia com a comunidade! Em seguida, deslocamento para lazer na <\/span><b>Praia do Tiririca<\/b><span style=\"font-weight: 400;\">,<\/span> <span style=\"font-weight: 400;\">no cora\u00e7\u00e3o do Parque Nacional de Anavilhanas. Ap\u00f3s o refrescante banho, aprecia\u00e7\u00e3o da flora e fauna das ilhas, deslocamento r\u00e1pido at\u00e9 a <\/span><b>maior \u00e1rvore do igap\u00f3 de Anavilhanas: um Macucu gigante<\/b><span style=\"font-weight: 400;\">, em incurs\u00e3o \u00e0 floresta de v\u00e1rzea e explana\u00e7\u00e3o deste peculiar ecossistema.<\/span><\/p>\n<p><b>Dura\u00e7\u00e3o:<\/b><span style=\"font-weight: 400;\"> dia inteiro \/ <\/span><b>Dificuldade:<\/b><span style=\"font-weight: 400;\"> f\u00e1cil com trilha<\/span><span style=\"font-weight: 400;\"><\/span><\/p>\n<p>[\/et_pb_text][\/et_pb_column][\/et_pb_row][et_pb_row _builder_version=&#8221;4.16&#8243; _module_preset=&#8221;default&#8221; background_color=&#8221;rgba(150,152,154,0.1)&#8221; global_colors_info=&#8221;{}&#8221;][et_pb_column type=&#8221;4_4&#8243; _builder_version=&#8221;4.16&#8243; _module_preset=&#8221;default&#8221; custom_padding=&#8221;|||2%|false|false&#8221; custom_padding_tablet=&#8221;&#8221; custom_padding_phone=&#8221;&#8221; custom_padding_last_edited=&#8221;on|desktop&#8221; global_colors_info=&#8221;{}&#8221;][et_pb_text _builder_version=&#8221;4.16&#8243; _module_preset=&#8221;default&#8221; text_font=&#8221;|300|||||||&#8221; custom_margin=&#8221;2%|5%|2%||true|false&#8221; custom_margin_tablet=&#8221;&#8221; custom_margin_phone=&#8221;&#8221; custom_margin_last_edited=&#8221;on|desktop&#8221; text_font_tablet=&#8221;&#8221; text_font_phone=&#8221;&#8221; text_font_last_edited=&#8221;on|desktop&#8221; text_font_size_tablet=&#8221;&#8221; text_font_size_phone=&#8221;&#8221; text_font_size_last_edited=&#8221;on|desktop&#8221; global_colors_info=&#8221;{}&#8221;]<\/p>\n<p><b>&#8211; Esta\u00e7\u00e3o da Cheia<\/b><i><span style=\"font-weight: 400;\">:<\/span><\/i><span style=\"font-weight: 400;\"> Logo ap\u00f3s o caf\u00e9, sa\u00edda em lancha r\u00e1pida para visita \u00e0 comunidade do <\/span><b>Sobrado.<\/b><span style=\"font-weight: 400;\"> Na chegada, um passeio por <\/span><b>trilha interpretativa<\/b><span style=\"font-weight: 400;\"> em floresta de terra firme at\u00e9 alcan\u00e7ar uma <\/span><b>gigante Sama\u00fama<\/b><span style=\"font-weight: 400;\">, a maior esp\u00e9cie de \u00e1rvore da Amaz\u00f4nia! Retorno da trilha e almo\u00e7o tradicional de peixe amaz\u00f4nico assado na brasa na casa dos caboclos ribeirinhos, uma verdadeira experi\u00eancia com a comunidade. Em seguida, deslocamento at\u00e9 a <\/span><b>maior \u00e1rvore do igap\u00f3 de Anavilhanas, um Macucu gigante<\/b><span style=\"font-weight: 400;\"> no paran\u00e1 das Araras. No retorno ao lodge, incurs\u00e3o na floresta de igap\u00f3 para aprecia\u00e7\u00e3o da flora e fauna desse ecossistema.<\/span><\/p>\n<p><b>Dura\u00e7\u00e3o:<\/b><span style=\"font-weight: 400;\"> dia inteiro \/ <\/span><b>Dificuldade:<\/b><span style=\"font-weight: 400;\"> f\u00e1cil com trilha<\/span><\/p>\n<p>[\/et_pb_text][\/et_pb_column][\/et_pb_row][\/et_pb_section][et_pb_section fb_built=&#8221;1&#8243; admin_label=&#8221;Grutas do Madad\u00e1&#8221; _builder_version=&#8221;4.16&#8243; _module_preset=&#8221;default&#8221; background_color=&#8221;RGBA(0,0,0,0)&#8221; custom_margin_tablet=&#8221;-5%||||false|false&#8221; custom_margin_phone=&#8221;-10%||||false|false&#8221; custom_margin_last_edited=&#8221;on|phone&#8221; locked=&#8221;off&#8221; collapsed=&#8221;on&#8221; global_colors_info=&#8221;{}&#8221;][et_pb_row column_structure=&#8221;1_2,1_2&#8243; _builder_version=&#8221;4.16&#8243; _module_preset=&#8221;default&#8221; background_color=&#8221;rgba(150,152,154,0.1)&#8221; width_tablet=&#8221;&#8221; width_phone=&#8221;100%&#8221; width_last_edited=&#8221;on|phone&#8221; custom_margin_tablet=&#8221;&#8221; custom_margin_phone=&#8221;-10%||||false|false&#8221; custom_margin_last_edited=&#8221;on|phone&#8221; global_colors_info=&#8221;{}&#8221;][et_pb_column type=&#8221;1_2&#8243; _builder_version=&#8221;4.16&#8243; _module_preset=&#8221;default&#8221; custom_padding=&#8221;6%|5%||2%|false|false&#8221; custom_padding_tablet=&#8221;1%|0%||0%|false|true&#8221; custom_padding_phone=&#8221;&#8221; custom_padding_last_edited=&#8221;on|desktop&#8221; border_color_left=&#8221;#D09E59&#8243; global_colors_info=&#8221;{}&#8221;][et_pb_text _builder_version=&#8221;4.16&#8243; _module_preset=&#8221;default&#8221; text_font=&#8221;anke||||||||&#8221; text_font_size=&#8221;30px&#8221; text_line_height=&#8221;1.8em&#8221; custom_margin=&#8221;-10%||5%||false|false&#8221; custom_margin_tablet=&#8221;0%|5%||5%|false|true&#8221; custom_margin_phone=&#8221;0%||||false|false&#8221; custom_margin_last_edited=&#8221;on|tablet&#8221; text_font_size_tablet=&#8221;&#8221; text_font_size_phone=&#8221;20px&#8221; text_font_size_last_edited=&#8221;on|phone&#8221; text_line_height_tablet=&#8221;&#8221; text_line_height_phone=&#8221;&#8221; text_line_height_last_edited=&#8221;on|desktop&#8221; text_orientation_tablet=&#8221;center&#8221; text_orientation_phone=&#8221;&#8221; text_orientation_last_edited=&#8221;on|tablet&#8221; global_colors_info=&#8221;{}&#8221;]<\/p>\n<p>Grutas do Madad\u00e1<\/p>\n<p>[\/et_pb_text][et_pb_text _builder_version=&#8221;4.16&#8243; _module_preset=&#8221;default&#8221; text_font=&#8221;Roboto|300|||||||&#8221; custom_margin=&#8221;||5%||false|false&#8221; custom_margin_tablet=&#8221;|5%||5%|false|true&#8221; custom_margin_phone=&#8221;&#8221; custom_margin_last_edited=&#8221;on|tablet&#8221; text_font_size_tablet=&#8221;20px&#8221; text_font_size_phone=&#8221;16px&#8221; text_font_size_last_edited=&#8221;on|desktop&#8221; global_colors_info=&#8221;{}&#8221;]<\/p>\n<p>Dia de conhecer um dos atrativos mais surpreendentes da regi\u00e3o! As Grutas do Madad\u00e1 s\u00e3o forma\u00e7\u00f5es rochosas no meio da floresta, em uma regi\u00e3o mais remota, subindo o Rio Negro.\u00a0 Ap\u00f3s o caf\u00e9 da manh\u00e3, sa\u00edda em voadeira em trajeto de aproximadamente 1 hora. Chegando na Casa Rosa, local com mini-museu sobre a vida ribeirinha e fotos antigas, que \u00e9 o ponto de partida da trilha. Al\u00e9m dos sal\u00f5es de pedras que s\u00e3o o principal atrativo, a trilha que d\u00e1 acesso ao Madad\u00e1 possui diversos pontos de parada em que os guias desvendam os segredos da fauna e flora Amaz\u00f4nicas.<br \/>A trilha interpretativa tem dura\u00e7\u00e3o de 1:30h (3 horas ida\/volta) em terreno plano. Ap\u00f3s a caminhada, almo\u00e7o tradicional caboclo com peixe assado e descanso no bungalow.<\/p>\n<p><b>&#8211; Esta\u00e7\u00e3o da Seca: <\/b>No retorno, parada nas belas praias de areias claras em contraste com as \u00e1guas escuras do rio, para banho e contempla\u00e7\u00e3o.<\/p>\n<p><b>\u2013 Esta\u00e7\u00e3o da Cheia: <\/b>No retorno, um agrad\u00e1vel passeio de lancha por um paran\u00e3 que leva at\u00e9 uma das maravilhas naturais da regi\u00e3o: a majestosa \u00e1rvore Macucu, considerada a gigante das ilhas.<\/p>\n<p>Retorno de voadeira para o Lodge (1 hora), por entre as ilhas do Parque Nacional de Anavilhanas.<\/p>\n<p><b>Dura\u00e7\u00e3o:<\/b> dia inteiro \/ <b>Dificuldade:<\/b> intermedi\u00e1rio com trilha longa (3 horas).<\/p>\n<p>[\/et_pb_text][\/et_pb_column][et_pb_column type=&#8221;1_2&#8243; _builder_version=&#8221;4.16&#8243; _module_preset=&#8221;default&#8221; custom_padding=&#8221;1%|1%|1%|1%|true|true&#8221; custom_padding_tablet=&#8221;1%|5%|5%|5%|false|false&#8221; custom_padding_phone=&#8221;&#8221; custom_padding_last_edited=&#8221;on|tablet&#8221; border_color_left=&#8221;#D09E59&#8243; global_colors_info=&#8221;{}&#8221;][et_pb_image src=&#8221;https:\/\/mirantedogaviao.com.br\/br\/wp-content\/uploads\/2021\/11\/1627566815118-2.jpg&#8221; title_text=&#8221;1627566815118-2&#8243; _builder_version=&#8221;4.16&#8243; _module_preset=&#8221;default&#8221; global_colors_info=&#8221;{}&#8221;][\/et_pb_image][\/et_pb_column][\/et_pb_row][\/et_pb_section][et_pb_section fb_built=&#8221;1&#8243; disabled_on=&#8221;on|on|off&#8221; admin_label=&#8221;Massagem do Gavi\u00e3o&#8221; _builder_version=&#8221;4.16&#8243; _module_preset=&#8221;default&#8221; locked=&#8221;off&#8221; collapsed=&#8221;on&#8221; global_colors_info=&#8221;{}&#8221;][et_pb_row column_structure=&#8221;1_2,1_2&#8243; _builder_version=&#8221;4.16&#8243; _module_preset=&#8221;default&#8221; background_color=&#8221;rgba(150,152,154,0.1)&#8221; global_colors_info=&#8221;{}&#8221;][et_pb_column type=&#8221;1_2&#8243; _builder_version=&#8221;4.16&#8243; _module_preset=&#8221;default&#8221; custom_padding=&#8221;1%|5%|1%|1%|true|false&#8221; global_colors_info=&#8221;{}&#8221;][et_pb_image src=&#8221;https:\/\/mirantedogaviao.com.br\/br\/wp-content\/uploads\/2021\/11\/20200921-PD1A5400-2-scaled.jpg&#8221; title_text=&#8221;20200921-PD1A5400-2&#8243; _builder_version=&#8221;4.16&#8243; _module_preset=&#8221;default&#8221; global_colors_info=&#8221;{}&#8221;][\/et_pb_image][\/et_pb_column][et_pb_column type=&#8221;1_2&#8243; _builder_version=&#8221;4.16&#8243; _module_preset=&#8221;default&#8221; custom_padding=&#8221;6%|5%||3%|false|false&#8221; border_color_left=&#8221;#D09E59&#8243; global_colors_info=&#8221;{}&#8221;][et_pb_text _builder_version=&#8221;4.16&#8243; _module_preset=&#8221;default&#8221; text_font=&#8221;anke||||||||&#8221; text_font_size=&#8221;30px&#8221; text_line_height=&#8221;1.8em&#8221; custom_margin=&#8221;-10%||5%||false|false&#8221; custom_margin_tablet=&#8221;|5%||5%|false|true&#8221; custom_margin_phone=&#8221;0%||||false|false&#8221; custom_margin_last_edited=&#8221;on|tablet&#8221; text_font_size_tablet=&#8221;&#8221; text_font_size_phone=&#8221;20px&#8221; text_font_size_last_edited=&#8221;on|phone&#8221; text_line_height_tablet=&#8221;&#8221; text_line_height_phone=&#8221;&#8221; text_line_height_last_edited=&#8221;on|desktop&#8221; text_orientation_tablet=&#8221;center&#8221; text_orientation_phone=&#8221;&#8221; text_orientation_last_edited=&#8221;on|tablet&#8221; global_colors_info=&#8221;{}&#8221;]<\/p>\n<p>Massagem do Gavi\u00e3o<\/p>\n<p>[\/et_pb_text][et_pb_text _builder_version=&#8221;4.16&#8243; _module_preset=&#8221;default&#8221; text_font=&#8221;|300|||||||&#8221; global_colors_info=&#8221;{}&#8221;]<\/p>\n<p>O espa\u00e7o de bem-estar do lodge convida os h\u00f3spedes para uma massagem relaxante, inclusa no pacote. Aproveite esse momento para usufruir da estrutura de lazer, contemplar e descansar. Confirme seu hor\u00e1rio com a recep\u00e7\u00e3o.<br \/><strong><\/strong><\/p>\n<p><strong>Dura\u00e7\u00e3o:<\/strong> Sess\u00e3o de 30 minutos.<\/p>\n<p>[\/et_pb_text][\/et_pb_column][\/et_pb_row][\/et_pb_section][et_pb_section fb_built=&#8221;1&#8243; admin_label=&#8221;Canoagem Cabocla&#8221; _builder_version=&#8221;4.16&#8243; _module_preset=&#8221;default&#8221; custom_margin_tablet=&#8221;&#8221; custom_margin_phone=&#8221;-10%||||false|false&#8221; custom_margin_last_edited=&#8221;on|phone&#8221; locked=&#8221;off&#8221; collapsed=&#8221;on&#8221; global_colors_info=&#8221;{}&#8221;][et_pb_row column_structure=&#8221;1_2,1_2&#8243; _builder_version=&#8221;4.16&#8243; _module_preset=&#8221;default&#8221; background_color=&#8221;rgba(150,152,154,0.1)&#8221; width_tablet=&#8221;&#8221; width_phone=&#8221;100%&#8221; width_last_edited=&#8221;on|phone&#8221; custom_margin_tablet=&#8221;&#8221; custom_margin_phone=&#8221;-10%||||false|false&#8221; custom_margin_last_edited=&#8221;on|phone&#8221; global_colors_info=&#8221;{}&#8221;][et_pb_column type=&#8221;1_2&#8243; _builder_version=&#8221;4.16&#8243; _module_preset=&#8221;default&#8221; custom_padding=&#8221;6%|5%|1%|2%|false|false&#8221; custom_padding_tablet=&#8221;1%|0%|1%|0%|false|true&#8221; custom_padding_phone=&#8221;&#8221; custom_padding_last_edited=&#8221;on|tablet&#8221; global_colors_info=&#8221;{}&#8221;][et_pb_text _builder_version=&#8221;4.16&#8243; _module_preset=&#8221;default&#8221; text_font=&#8221;anke||||||||&#8221; text_font_size=&#8221;30px&#8221; text_line_height=&#8221;1.8em&#8221; custom_margin=&#8221;-10%||5%||false|false&#8221; custom_margin_tablet=&#8221;0%|5%||5%|false|true&#8221; custom_margin_phone=&#8221;0%||||false|false&#8221; custom_margin_last_edited=&#8221;on|tablet&#8221; text_font_size_tablet=&#8221;&#8221; text_font_size_phone=&#8221;20px&#8221; text_font_size_last_edited=&#8221;on|phone&#8221; text_line_height_tablet=&#8221;&#8221; text_line_height_phone=&#8221;&#8221; text_line_height_last_edited=&#8221;on|desktop&#8221; text_orientation_tablet=&#8221;center&#8221; text_orientation_phone=&#8221;&#8221; text_orientation_last_edited=&#8221;on|tablet&#8221; global_colors_info=&#8221;{}&#8221;]<\/p>\n<p>Canoagem Cabocla<\/p>\n<p>[\/et_pb_text][et_pb_text _builder_version=&#8221;4.16&#8243; _module_preset=&#8221;default&#8221; text_font=&#8221;Roboto|300|||||||&#8221; custom_margin_tablet=&#8221;|5%|0px|5%|false|true&#8221; custom_margin_phone=&#8221;&#8221; custom_margin_last_edited=&#8221;on|tablet&#8221; text_font_size_tablet=&#8221;20px&#8221; text_font_size_phone=&#8221;16px&#8221; text_font_size_last_edited=&#8221;on|tablet&#8221; global_colors_info=&#8221;{}&#8221;]<\/p>\n<p>Os cen\u00e1rios da Amaz\u00f4nia mudam completamente durante as esta\u00e7\u00f5es de seca\/enchente\/cheia\/vazante dos rios. Cada esta\u00e7\u00e3o tem suas particularidades e dependendo da \u00e9poca, \u00e9 poss\u00edvel aproveitar uma atividade diferente. Ambos os passeios oferecem contato intenso com a natureza e um dia de aproveitar as belezas da floresta, do rio, das praias e igarap\u00e9s.<\/p>\n<p><strong>&#8211; Esta\u00e7\u00e3o da seca:<\/strong> Durante a seca, nossos h\u00f3spedes conhecem as belas <strong>praias<\/strong> do Parque Nacional de Anavilhanas, com areia clara e \u00e1guas escuras do Rio Negro, um espet\u00e1culo buscado por muitos amantes de praias.<\/p>\n<p><strong>&#8211; Esta\u00e7\u00e3o da cheia:<\/strong> J\u00e1 durante a cheia, a paisagem se modifica e o passeio \u00e9 embarcar nas <strong>canoas de madeira<\/strong>, tradicionais caboclas, para remar nos igarap\u00e9s de natureza selvagem.<br \/>No retorno, almo\u00e7o no Restaurante Camu-Camu e tarde livre. Recomendamos agendar sua massagem relaxante inclusa nesse dia.<\/p>\n<p><strong>Dura\u00e7\u00e3o:<\/strong> meio per\u00edodo \/ <strong>Dificuldade:<\/strong> f\u00e1cil contemplativo \/ canoagem com remos de madeira<\/p>\n<p>[\/et_pb_text][\/et_pb_column][et_pb_column type=&#8221;1_2&#8243; _builder_version=&#8221;4.16&#8243; _module_preset=&#8221;default&#8221; custom_padding=&#8221;6%|5%||3%|false|false&#8221; custom_padding_tablet=&#8221;6%|5%|5%|5%|false|true&#8221; custom_padding_phone=&#8221;&#8221; custom_padding_last_edited=&#8221;on|tablet&#8221; border_color_left=&#8221;#D09E59&#8243; global_colors_info=&#8221;{}&#8221;][et_pb_image src=&#8221;https:\/\/mirantedogaviao.com.br\/br\/wp-content\/uploads\/2021\/11\/1627571496790-2-e1637686843318.jpg&#8221; title_text=&#8221;1627571496790-2&#8243; _builder_version=&#8221;4.16&#8243; _module_preset=&#8221;default&#8221; custom_margin=&#8221;-10%||||false|false&#8221; custom_margin_tablet=&#8221;-5%||||false|false&#8221; custom_margin_phone=&#8221;-5%||||false|false&#8221; custom_margin_last_edited=&#8221;on|phone&#8221; global_colors_info=&#8221;{}&#8221;][\/et_pb_image][\/et_pb_column][\/et_pb_row][\/et_pb_section][et_pb_section fb_built=&#8221;1&#8243; disabled_on=&#8221;on|on|off&#8221; admin_label=&#8221;Mini expedi\u00e7\u00e3o seca&#8221; _builder_version=&#8221;4.16&#8243; _module_preset=&#8221;default&#8221; custom_margin_tablet=&#8221;&#8221; custom_margin_phone=&#8221;-10%||||false|false&#8221; custom_margin_last_edited=&#8221;on|phone&#8221; locked=&#8221;off&#8221; collapsed=&#8221;on&#8221; global_colors_info=&#8221;{}&#8221; custom_margin__hover_enabled=&#8221;off|desktop&#8221;][et_pb_row column_structure=&#8221;1_2,1_2&#8243; _builder_version=&#8221;4.16&#8243; _module_preset=&#8221;default&#8221; background_color=&#8221;rgba(150,152,154,0.1)&#8221; global_colors_info=&#8221;{}&#8221;][et_pb_column type=&#8221;1_2&#8243; _builder_version=&#8221;4.16&#8243; _module_preset=&#8221;default&#8221; custom_padding=&#8221;1%|5%|1%|1%|true|false&#8221; global_colors_info=&#8221;{}&#8221;][et_pb_image src=&#8221;https:\/\/mirantedogaviao.com.br\/br\/wp-content\/uploads\/2021\/11\/photo_2021-11-23_14-36-26-2.jpg&#8221; title_text=&#8221;photo_2021-11-23_14-36-26-2&#8243; _builder_version=&#8221;4.16&#8243; _module_preset=&#8221;default&#8221; global_colors_info=&#8221;{}&#8221;][\/et_pb_image][\/et_pb_column][et_pb_column type=&#8221;1_2&#8243; _builder_version=&#8221;4.16&#8243; _module_preset=&#8221;default&#8221; custom_padding=&#8221;6%|5%||3%|false|false&#8221; border_color_left=&#8221;#D09E59&#8243; global_colors_info=&#8221;{}&#8221;][et_pb_text _builder_version=&#8221;4.16&#8243; _module_preset=&#8221;default&#8221; text_font=&#8221;anke||||||||&#8221; text_font_size=&#8221;30px&#8221; text_line_height=&#8221;1.8em&#8221; custom_margin=&#8221;-10%||5%||false|false&#8221; custom_margin_tablet=&#8221;|5%||5%|false|true&#8221; custom_margin_phone=&#8221;0%||||false|false&#8221; custom_margin_last_edited=&#8221;on|tablet&#8221; text_font_size_tablet=&#8221;&#8221; text_font_size_phone=&#8221;20px&#8221; text_font_size_last_edited=&#8221;on|phone&#8221; text_line_height_tablet=&#8221;&#8221; text_line_height_phone=&#8221;&#8221; text_line_height_last_edited=&#8221;on|desktop&#8221; text_orientation_tablet=&#8221;center&#8221; text_orientation_phone=&#8221;&#8221; text_orientation_last_edited=&#8221;on|tablet&#8221; global_colors_info=&#8221;{}&#8221;]<\/p>\n<p>Aldeia Ind\u00edgena \u2013 mini expedi\u00e7\u00e3o com pernoite na floresta e retorno para Manaus<\/p>\n<p>[\/et_pb_text][et_pb_text _builder_version=&#8221;4.16&#8243; _module_preset=&#8221;default&#8221; text_font=&#8221;|300|||||||&#8221; text_font_tablet=&#8221;&#8221; text_font_phone=&#8221;&#8221; text_font_last_edited=&#8221;on|desktop&#8221; global_colors_info=&#8221;{}&#8221;]<\/p>\n<p><strong>Lago Camana\u00fa \/ Rio Baependi \/ Maloca Ind\u00edgena<\/strong><br \/>Ap\u00f3s o caf\u00e9 da manh\u00e3 no Lodge, check-out na recep\u00e7\u00e3o. A expedi\u00e7\u00e3o partir\u00e1 com destino \u00e0 Manaus, fazendo um pernoite na floresta em aldeia ind\u00edgena.<br \/>Iniciamos viagem em dire\u00e7\u00e3o ao Lago Camana\u00fa, na parte sul do Parque Nacional de Anavilhanas, em lancha r\u00e1pida, com eventuais paradas para observa\u00e7\u00e3o de fauna nos lagos do arquip\u00e9lago (mediante oportunidades identificadas pelo Guia).<br \/>Entrada no Lago at\u00e9 flutuante onde \u00e9 poss\u00edvel observar os Botos Cor-de-Rosa, al\u00e9m de conhecer e alimentar o Pirarucu, o maior peixe de escamas de \u00e1gua doce do mundo.<br \/>Check-in e almo\u00e7o no s\u00edtio caboclo do Pereira, as margens do lago, com banheiro e facilidades.<br \/>Ap\u00f3s breve descanso em redes, navegamos at\u00e9 o Rio Baependi, onde poderemos apreciar a rica biodiversidade do local, com prov\u00e1vel intera\u00e7\u00e3o de macacos cairara.<br \/>\u00c0 vontade do cliente, podemos adentrar a boca da noite para pesca recreativa e focagem de animais noturnos.<br \/>Deslocamento at\u00e9 a aldeia ind\u00edgena para pernoite em redes na floresta.<br \/>\u2022 Ritual Xam\u00e2nico, liderado pelo Tuchawa da aldeia (opcional contratado a parte).<\/p>\n<p>[\/et_pb_text][\/et_pb_column][\/et_pb_row][et_pb_row _builder_version=&#8221;4.16&#8243; _module_preset=&#8221;default&#8221; background_color=&#8221;rgba(150,152,154,0.1)&#8221; global_colors_info=&#8221;{}&#8221;][et_pb_column type=&#8221;4_4&#8243; _builder_version=&#8221;4.16&#8243; _module_preset=&#8221;default&#8221; custom_padding=&#8221;|||2%|false|false&#8221; custom_padding_tablet=&#8221;&#8221; custom_padding_phone=&#8221;&#8221; custom_padding_last_edited=&#8221;on|desktop&#8221; global_colors_info=&#8221;{}&#8221;][et_pb_text _builder_version=&#8221;4.16&#8243; _module_preset=&#8221;default&#8221; text_font=&#8221;|300|||||||&#8221; custom_margin=&#8221;0%|5%|2%||false|false&#8221; custom_margin_tablet=&#8221;&#8221; custom_margin_phone=&#8221;&#8221; custom_margin_last_edited=&#8221;on|desktop&#8221; text_font_tablet=&#8221;&#8221; text_font_phone=&#8221;&#8221; text_font_last_edited=&#8221;on|desktop&#8221; text_font_size_tablet=&#8221;&#8221; text_font_size_phone=&#8221;&#8221; text_font_size_last_edited=&#8221;on|desktop&#8221; global_colors_info=&#8221;{}&#8221;]<\/p>\n<p><strong>Maloca Ind\u00edgena \/ Manaus<\/strong><br \/>Desperte aos sons da floresta, enquanto nossa equipe prepara o caf\u00e9 da manh\u00e3.<br \/>Comunitour para interc\u00e2mbio com a comunidade e para conhecer os costumes locais ind\u00edgenas. Durante os momentos com a comunidade, aproveite para assistir uma Apresenta\u00e7\u00e3o Ind\u00edgena sobre as dan\u00e7as ritual\u00edsticas e seus instrumentos musicais originais.<br \/>Continuamos nossa viagem em dire\u00e7\u00e3o ao P\u00eder da Marina do Davi.<br \/>11:00h &#8211; Desembarque e fim da expedi\u00e7\u00e3o.<\/p>\n<p>[\/et_pb_text][\/et_pb_column][\/et_pb_row][\/et_pb_section][et_pb_section fb_built=&#8221;1&#8243; disabled_on=&#8221;off|off|on&#8221; admin_label=&#8221;Mini expedi\u00e7\u00e3o seca &#8211; mobile&#8221; _builder_version=&#8221;4.16&#8243; _module_preset=&#8221;default&#8221; custom_margin_tablet=&#8221;&#8221; custom_margin_phone=&#8221;-10%||||false|false&#8221; custom_margin_last_edited=&#8221;on|phone&#8221; locked=&#8221;off&#8221; collapsed=&#8221;off&#8221; global_colors_info=&#8221;{}&#8221; custom_margin__hover_enabled=&#8221;off|desktop&#8221;][et_pb_row column_structure=&#8221;1_2,1_2&#8243; _builder_version=&#8221;4.16&#8243; _module_preset=&#8221;default&#8221; background_color=&#8221;rgba(150,152,154,0.1)&#8221; width_tablet=&#8221;&#8221; width_phone=&#8221;100%&#8221; width_last_edited=&#8221;on|phone&#8221; custom_margin_tablet=&#8221;&#8221; custom_margin_phone=&#8221;-10%||||false|false&#8221; custom_margin_last_edited=&#8221;on|phone&#8221; global_colors_info=&#8221;{}&#8221;][et_pb_column type=&#8221;1_2&#8243; _builder_version=&#8221;4.16&#8243; _module_preset=&#8221;default&#8221; custom_padding=&#8221;1%|0px|1%|0px|true|true&#8221; custom_padding_phone=&#8221;1%|0%|1%|0%|true|true&#8221; custom_padding_last_edited=&#8221;off|phone&#8221; global_colors_info=&#8221;{}&#8221;][et_pb_text _builder_version=&#8221;4.16&#8243; _module_preset=&#8221;default&#8221; text_font=&#8221;anke||||||||&#8221; text_font_size=&#8221;30px&#8221; text_line_height=&#8221;1.8em&#8221; custom_margin=&#8221;0px||5%||false|false&#8221; custom_margin_tablet=&#8221;|5%||5%|false|true&#8221; custom_margin_phone=&#8221;0%||||false|false&#8221; custom_margin_last_edited=&#8221;on|tablet&#8221; text_font_size_tablet=&#8221;&#8221; text_font_size_phone=&#8221;20px&#8221; text_font_size_last_edited=&#8221;on|phone&#8221; text_line_height_tablet=&#8221;&#8221; text_line_height_phone=&#8221;&#8221; text_line_height_last_edited=&#8221;on|desktop&#8221; text_orientation_tablet=&#8221;center&#8221; text_orientation_phone=&#8221;&#8221; text_orientation_last_edited=&#8221;on|tablet&#8221; global_colors_info=&#8221;{}&#8221;]<\/p>\n<p>Aldeia Ind\u00edgena \u2013 mini expedi\u00e7\u00e3o com pernoite na floresta e retorno para Manaus<\/p>\n<p>[\/et_pb_text][et_pb_text _builder_version=&#8221;4.16&#8243; _module_preset=&#8221;default&#8221; text_font=&#8221;|300|||||||&#8221; custom_margin_tablet=&#8221;|5%||5%|false|true&#8221; custom_margin_phone=&#8221;|5%||5%|false|true&#8221; custom_margin_last_edited=&#8221;on|phone&#8221; text_font_tablet=&#8221;&#8221; text_font_phone=&#8221;&#8221; text_font_last_edited=&#8221;on|desktop&#8221; text_font_size_tablet=&#8221;20px&#8221; text_font_size_phone=&#8221;16px&#8221; text_font_size_last_edited=&#8221;on|phone&#8221; global_colors_info=&#8221;{}&#8221;]<\/p>\n<p><strong>Lago Camana\u00fa \/ Rio Baependi \/ Maloca Ind\u00edgena<\/strong><br \/>Ap\u00f3s o caf\u00e9 da manh\u00e3 no Lodge, check-out na recep\u00e7\u00e3o. A expedi\u00e7\u00e3o partir\u00e1 com destino \u00e0 Manaus, fazendo um pernoite na floresta em aldeia ind\u00edgena.<br \/>Iniciamos viagem em dire\u00e7\u00e3o ao Lago Camana\u00fa, na parte sul do Parque Nacional de Anavilhanas, em lancha r\u00e1pida, com eventuais paradas para observa\u00e7\u00e3o de fauna nos lagos do arquip\u00e9lago (mediante oportunidades identificadas pelo Guia).<br \/>Entrada no Lago at\u00e9 flutuante onde \u00e9 poss\u00edvel observar os Botos Cor-de-Rosa, al\u00e9m de conhecer e alimentar o Pirarucu, o maior peixe de escamas de \u00e1gua doce do mundo.<br \/>Check-in e almo\u00e7o no s\u00edtio caboclo do Pereira, as margens do lago, com banheiro e facilidades.<br \/>Ap\u00f3s breve descanso em redes, navegamos at\u00e9 o Rio Baependi, onde poderemos apreciar a rica biodiversidade do local, com prov\u00e1vel intera\u00e7\u00e3o de macacos cairara.<br \/>\u00c0 vontade do cliente, podemos adentrar a boca da noite para pesca recreativa e focagem de animais noturnos.<br \/>Deslocamento at\u00e9 a aldeia ind\u00edgena para pernoite em redes na floresta.<br \/>\u2022 Ritual Xam\u00e2nico, liderado pelo Tuchawa da aldeia (opcional contratado a parte).<\/p>\n<p>[\/et_pb_text][\/et_pb_column][et_pb_column type=&#8221;1_2&#8243; _builder_version=&#8221;4.16&#8243; _module_preset=&#8221;default&#8221; custom_padding=&#8221;6%|5%||3%|false|false&#8221; custom_padding_tablet=&#8221;6%|5%|5%|5%|false|true&#8221; custom_padding_phone=&#8221;&#8221; custom_padding_last_edited=&#8221;on|tablet&#8221; border_color_left=&#8221;#D09E59&#8243; global_colors_info=&#8221;{}&#8221;][et_pb_image src=&#8221;https:\/\/mirantedogaviao.com.br\/br\/wp-content\/uploads\/2021\/08\/1627583480326.jpg&#8221; title_text=&#8221;1627562216552&#8243; _builder_version=&#8221;4.16&#8243; _module_preset=&#8221;default&#8221; global_colors_info=&#8221;{}&#8221;][\/et_pb_image][\/et_pb_column][\/et_pb_row][et_pb_row _builder_version=&#8221;4.16&#8243; _module_preset=&#8221;default&#8221; background_color=&#8221;rgba(150,152,154,0.1)&#8221; width_tablet=&#8221;&#8221; width_phone=&#8221;100%&#8221; width_last_edited=&#8221;on|phone&#8221; global_colors_info=&#8221;{}&#8221;][et_pb_column type=&#8221;4_4&#8243; _builder_version=&#8221;4.16&#8243; _module_preset=&#8221;default&#8221; custom_padding=&#8221;1%|0px|1%|0px|true|true&#8221; global_colors_info=&#8221;{}&#8221;][et_pb_text _builder_version=&#8221;4.16&#8243; _module_preset=&#8221;default&#8221; text_font=&#8221;|300|||||||&#8221; custom_margin=&#8221;2%|5%|2%||true|false&#8221; custom_margin_tablet=&#8221;-5%|||5%|false|false&#8221; custom_margin_phone=&#8221;-5%|||5%|false|false&#8221; custom_margin_last_edited=&#8221;on|desktop&#8221; text_font_tablet=&#8221;&#8221; text_font_phone=&#8221;&#8221; text_font_last_edited=&#8221;on|desktop&#8221; text_font_size_tablet=&#8221;20px&#8221; text_font_size_phone=&#8221;16px&#8221; text_font_size_last_edited=&#8221;on|desktop&#8221; global_colors_info=&#8221;{}&#8221;]<\/p>\n<p><strong>Maloca Ind\u00edgena \/ Manaus<\/strong><br \/>Desperte aos sons da floresta, enquanto nossa equipe prepara o caf\u00e9 da manh\u00e3.<br \/>Comunitour para interc\u00e2mbio com a comunidade e para conhecer os costumes locais ind\u00edgenas. Durante os momentos com a comunidade, aproveite para assistir uma Apresenta\u00e7\u00e3o Ind\u00edgena sobre as dan\u00e7as ritual\u00edsticas e seus instrumentos musicais originais.<br \/>Continuamos nossa viagem em dire\u00e7\u00e3o ao P\u00eder do Hotel Tropical em Manaus.<br \/>11:00h &#8211; Desembarque e fim da expedi\u00e7\u00e3o.<\/p>\n<p>[\/et_pb_text][\/et_pb_column][\/et_pb_row][\/et_pb_section][et_pb_section fb_built=&#8221;1&#8243; _builder_version=&#8221;4.16&#8243; _module_preset=&#8221;default&#8221; custom_margin_tablet=&#8221;-10%||||false|false&#8221; custom_margin_phone=&#8221;&#8221; custom_margin_last_edited=&#8221;on|tablet&#8221; locked=&#8221;off&#8221; collapsed=&#8221;off&#8221; global_colors_info=&#8221;{}&#8221;][et_pb_row admin_label=&#8221;Linha&#8221; _builder_version=&#8221;4.16&#8243; _module_preset=&#8221;default&#8221; background_color=&#8221;rgba(150,152,154,0.1)&#8221; width_tablet=&#8221;&#8221; width_phone=&#8221;90%&#8221; width_last_edited=&#8221;on|phone&#8221; custom_margin_tablet=&#8221;&#8221; custom_margin_phone=&#8221;0%||0%||false|false&#8221; custom_margin_last_edited=&#8221;on|phone&#8221; global_colors_info=&#8221;{}&#8221;][et_pb_column type=&#8221;4_4&#8243; _builder_version=&#8221;4.16&#8243; _module_preset=&#8221;default&#8221; global_colors_info=&#8221;{}&#8221;][et_pb_button button_url=&#8221;http:\/\/www.mirantedogaviao.com.br\/br\/downloads\/tarifario\/tarifarioMGaviao.pdf&#8221; url_new_window=&#8221;on&#8221; button_text=&#8221;Tarif\u00e1rio&#8221; button_alignment=&#8221;center&#8221; _builder_version=&#8221;4.16&#8243; _module_preset=&#8221;default&#8221; custom_button=&#8221;on&#8221; button_text_size=&#8221;12px&#8221; button_text_color=&#8221;#E09900&#8243; button_font=&#8221;Roboto||||||||&#8221; transform_translate_linked=&#8221;off&#8221; background_layout=&#8221;dark&#8221; custom_margin=&#8221;2%||0px||false|false&#8221; custom_margin_tablet=&#8221;2%||0px||false|false&#8221; custom_margin_phone=&#8221;2%||0px||false|false&#8221; custom_margin_last_edited=&#8221;on|phone&#8221; animation_style=&#8221;zoom&#8221; animation_direction=&#8221;bottom&#8221; animation_duration=&#8221;900ms&#8221; animation_delay=&#8221;650ms&#8221; animation_speed_curve=&#8221;linear&#8221; global_colors_info=&#8221;{}&#8221;][\/et_pb_button][\/et_pb_column][\/et_pb_row][et_pb_row _builder_version=&#8221;4.16&#8243; _module_preset=&#8221;default&#8221; background_color=&#8221;rgba(150,152,154,0.1)&#8221; width_tablet=&#8221;&#8221; width_phone=&#8221;90%&#8221; width_last_edited=&#8221;on|phone&#8221; custom_margin_tablet=&#8221;&#8221; custom_margin_phone=&#8221;0%||-8%||false|false&#8221; custom_margin_last_edited=&#8221;on|phone&#8221; global_colors_info=&#8221;{}&#8221;][et_pb_column type=&#8221;4_4&#8243; _builder_version=&#8221;4.16&#8243; _module_preset=&#8221;default&#8221; global_colors_info=&#8221;{}&#8221;][et_pb_text _builder_version=&#8221;4.16&#8243; _module_preset=&#8221;default&#8221; custom_margin=&#8221;2%|2%|2%|2%|true|true&#8221; custom_margin_tablet=&#8221;-5%|5%|0%|5%|false|true&#8221; custom_margin_phone=&#8221;0%||||false|true&#8221; custom_margin_last_edited=&#8221;on|phone&#8221; text_font_tablet=&#8221;Roboto|300|||||||&#8221; text_font_phone=&#8221;Roboto|300|||||||&#8221; text_font_last_edited=&#8221;on|tablet&#8221; text_font_size_tablet=&#8221;20px&#8221; text_font_size_phone=&#8221;16px&#8221; text_font_size_last_edited=&#8221;on|tablet&#8221; global_colors_info=&#8221;{}&#8221;]<\/p>\n<p>* Todas as atividades descritas est\u00e3o inclusas nas experi\u00eancias e s\u00e3o compartilhadas em pequenos grupos. A ordem dos passeios \u00e9 definida no momento de chegada do h\u00f3spede de acordo com a log\u00edstica e condi\u00e7\u00f5es clim\u00e1ticas.<\/p>\n<p>[\/et_pb_text][\/et_pb_column][\/et_pb_row][\/et_pb_section]<\/p>\n","protected":false},"excerpt":{"rendered":"<p>Gavi\u00e3o na Maloca (6 dias \/ 5 noites)Contempla\u00e7\u00e3o do P\u00f4r-do-SolDas belezas da Amaz\u00f4nia, as cores do c\u00e9u refletidas no Rio Negro certamente s\u00e3o um dos destaques que tornam esse destino especial. Dif\u00edcil descrever os tons de rosa, lil\u00e1s, verde e azul que se misturam com o verde escuro e profundo da floresta, tocando o espelho [&hellip;]<\/p>\n","protected":false},"author":1,"featured_media":0,"parent":0,"menu_order":0,"comment_status":"closed","ping_status":"closed","template":"","meta":{"_et_pb_use_builder":"on","_et_pb_old_content":"","_et_gb_content_width":"","_monsterinsights_skip_tracking":false,"_monsterinsights_sitenote_active":false,"_monsterinsights_sitenote_note":"","_monsterinsights_sitenote_category":0,"footnotes":""},"class_list":["post-2803","page","type-page","status-publish","hentry"],"_links":{"self":[{"href":"https:\/\/mirantedogaviao.com.br\/br\/wp-json\/wp\/v2\/pages\/2803","targetHints":{"allow":["GET"]}}],"collection":[{"href":"https:\/\/mirantedogaviao.com.br\/br\/wp-json\/wp\/v2\/pages"}],"about":[{"href":"https:\/\/mirantedogaviao.com.br\/br\/wp-json\/wp\/v2\/types\/page"}],"author":[{"embeddable":true,"href":"https:\/\/mirantedogaviao.com.br\/br\/wp-json\/wp\/v2\/users\/1"}],"replies":[{"embeddable":true,"href":"https:\/\/mirantedogaviao.com.br\/br\/wp-json\/wp\/v2\/comments?post=2803"}],"version-history":[{"count":3,"href":"https:\/\/mirantedogaviao.com.br\/br\/wp-json\/wp\/v2\/pages\/2803\/revisions"}],"predecessor-version":[{"id":239065,"href":"https:\/\/mirantedogaviao.com.br\/br\/wp-json\/wp\/v2\/pages\/2803\/revisions\/239065"}],"wp:attachment":[{"href":"https:\/\/mirantedogaviao.com.br\/br\/wp-json\/wp\/v2\/media?parent=2803"}],"curies":[{"name":"wp","href":"https:\/\/api.w.org\/{rel}","templated":true}]}}